{"id":8572,"date":"2021-04-29T17:10:29","date_gmt":"2021-04-29T15:10:29","guid":{"rendered":"http:\/\/www.fondazionedonatcattin.it\/?page_id=8572"},"modified":"2021-10-18T15:34:12","modified_gmt":"2021-10-18T13:34:12","slug":"attivita-20-2-3-2-2-2-3-2-3-2-4-2-3-2-2-3-2-5-2-2-3-5-2-2-3-3-2-3-3-2-3-2-2-2-2-2-2-2-2-3","status":"publish","type":"page","link":"https:\/\/www.fondazionedonatcattin.it\/?page_id=8572","title":{"rendered":"Torino citt\u00e0 illuminata  &#8211;  22 ottobre  2021"},"content":{"rendered":"<p>[vc_row disable_element=&#8221;yes&#8221;][vc_column][vc_single_image image=&#8221;7634&#8243; img_size=&#8221;full&#8221;][\/vc_column][\/vc_row][vc_row][vc_column width=&#8221;1\/6&#8243;][\/vc_column][vc_column width=&#8221;2\/3&#8243;][vc_column_text]<\/p>\n<h2><strong><span style=\"color: #993300;\"><br \/>\nLa storia dei lampioni di Torino<br \/>\n<\/span><\/strong><\/h2>\n<p>[\/vc_column_text][vc_column_text]<b>Presentazione del libro di Paolo Silvetti<br \/>\n<\/b>Torino citt\u00e0 illuminata. Alla scoperta dei suoi lampioni storici<b><br \/>\n<\/b>Daniela Piazza Editore[\/vc_column_text][vc_column_text]<strong><b>Venerd\u00ec 22 ottobre \u2013 ore 18:00<\/b><\/strong><br \/>\n<strong>Polo del \u2019900 &#8211; via del Carmine 14 &#8211; Sala \u2019900<\/strong><\/p>\n<p style=\"text-align: justify;\">Ingresso in sala \u2019900 con prenotazione obbligatoria, fino ad esaurimento posti, registrandosi al seguente link: <a href=\"https:\/\/polodel900.secure.force.com\/eventi?IdEvt=a0C6N0000004sxv\">PRENOTA<\/a><br \/>\nPer partecipare agli eventi \u00e8 obbligatorio esibire la Certificazione verde in forma cartacea o su smartphone unitamente ad un documento di identit\u00e0.\u00a0 <a href=\"https:\/\/fondazionedonatcattin.us5.list-manage.com\/track\/click?u=94a40b5292c7c7ccef8f73f58&amp;id=11674a5054&amp;e=9b5bbac4b0\">Scopri di pi\u00f9<\/a><\/p>\n<p style=\"text-align: justify;\"><strong>L&#8217;evento sar\u00e0 trasmesso anche in diretta streaming sulla pagina facebook e su questo sito.<\/strong><\/p>\n<p>[\/vc_column_text][vc_video link=&#8221;https:\/\/youtu.be\/l8xuORO7D8Q&#8221;][vc_column_text]<\/p>\n<p style=\"text-align: justify;\">\u201cQuante volte ci \u00e8 capitato di alzare gli occhi ai lampioni eleganti di via Santa Teresa o a quelli \u2018Impero\u2019 di piazza Vittorio, ai \u2018Piacentini\u2019 di via Roma, agli \u2018ex gas\u2019 dei parchi? Sguardi rivolti senza attenzione, perch\u00e9 l\u2019abitudine toglie curiosit\u00e0, eppure sguardi ripetuti spesso, perch\u00e9 i lampioni di Torino hanno un fascino che penetra nell\u2019immaginario: liberty, sabaudi, risorgimentali, razionalisti, contemporanei, avveniristici; avvolti di luci d\u2019artista colorate, oppure luminosi di luce calda; isolati tra le aiuole, allineati sul lungo Po, appesi alle arcate dei portici di piazza San Carlo\u201d.<br \/>\nPaolo Silvetti ha compiuto un autentico lavoro di ricerca arrivando a comporre una panoramica completa dei lampioni che, nella loro diversit\u00e0 di stile, ancora oggi abbelliscono Torino. La pubblicazione che ne \u00e8 scaturita \u00e8 ricca di fotografie (circa 400 scattate dallo stesso autore), di notizie curiose e di spunti per approfondire.[\/vc_column_text][vc_separator][vc_column_text]<em>Intervengono:<\/em><br \/>\n<strong>Giuseppe Bergesio<\/strong><br \/>\nAmministratore Delegato Iren Energia<\/p>\n<p><strong>Niccol\u00f2 Di Molfetta<\/strong><br \/>\nAttore Associazione teatrale Aftalina<\/p>\n<p><strong>Gianni Oliva<\/strong><br \/>\nStorico<\/p>\n<p><em>Modera:<\/em><br \/>\n<strong>Barbara Donat-Cattin<\/strong><\/p>\n<p>Sar\u00e0 presente l\u2019autore[\/vc_column_text][\/vc_column][vc_column width=&#8221;1\/6&#8243;][\/vc_column][\/vc_row]<\/p>\n","protected":false},"excerpt":{"rendered":"<p>[vc_row disable_element=&#8221;yes&#8221;][vc_column][vc_single_image image=&#8221;7634&#8243; img_size=&#8221;full&#8221;][\/vc_column][\/vc_row][vc_row][vc_column width=&#8221;1\/6&#8243;][\/vc_column][vc_column width=&#8221;2\/3&#8243;][vc_column_text] La storia dei lampioni di Torino [\/vc_column_text][vc_column_text]Presentazione del libro di Paolo Silvetti Torino citt\u00e0 illuminata. Alla scoperta dei suoi lampioni storici Daniela Piazza Editore[\/vc_column_text][vc_column_text]Venerd\u00ec 22 ottobre \u2013 ore 18:00 Polo del \u2019900 &#8211; via del Carmine 14 &#8211; Sala \u2019900 Ingresso in sala \u2019900 con prenotazione obbligatoria, fino ad [&hellip;]<\/p>\n","protected":false},"author":11,"featured_media":0,"parent":0,"menu_order":0,"comment_status":"closed","ping_status":"closed","template":"","meta":{"footnotes":""},"_links":{"self":[{"href":"https:\/\/www.fondazionedonatcattin.it\/index.php?rest_route=\/wp\/v2\/pages\/8572"}],"collection":[{"href":"https:\/\/www.fondazionedonatcattin.it\/index.php?rest_route=\/wp\/v2\/pages"}],"about":[{"href":"https:\/\/www.fondazionedonatcattin.it\/index.php?rest_route=\/wp\/v2\/types\/page"}],"author":[{"embeddable":true,"href":"https:\/\/www.fondazionedonatcattin.it\/index.php?rest_route=\/wp\/v2\/users\/11"}],"replies":[{"embeddable":true,"href":"https:\/\/www.fondazionedonatcattin.it\/index.php?rest_route=%2Fwp%2Fv2%2Fcomments&post=8572"}],"version-history":[{"count":0,"href":"https:\/\/www.fondazionedonatcattin.it\/index.php?rest_route=\/wp\/v2\/pages\/8572\/revisions"}],"wp:attachment":[{"href":"https:\/\/www.fondazionedonatcattin.it\/index.php?rest_route=%2Fwp%2Fv2%2Fmedia&parent=8572"}],"curies":[{"name":"wp","href":"https:\/\/api.w.org\/{rel}","templated":true}]}}