{"id":7665,"date":"2021-03-07T14:00:28","date_gmt":"2021-03-07T13:00:28","guid":{"rendered":"http:\/\/www.fondazionedonatcattin.it\/?page_id=7665"},"modified":"2026-03-27T08:04:19","modified_gmt":"2026-03-27T07:04:19","slug":"il-nostro-lavoro-al-tempo-del-covid-19-5-2-2-2-2","status":"publish","type":"page","link":"https:\/\/www.fondazionedonatcattin.it\/?page_id=7665","title":{"rendered":"Eventi e attivit\u00e0  2021"},"content":{"rendered":"<p>[vc_row][vc_column][vc_column_text el_class=&#8221;titolo-pagina&#8221;]<\/p>\n<h2><\/h2>\n<p>[\/vc_column_text][vc_single_image image=&#8221;8123&#8243; img_size=&#8221;full&#8221;][\/vc_column][\/vc_row][vc_row][vc_column][vc_column_text]<\/p>\n<h4>Eventi e attivit\u00e0 2021<\/h4>\n<p>[\/vc_column_text][vc_column_text]Convegni, Dibattiti, Didattica, Eventi, Incontri con gli autori, Letture, Memoria, Mostre, Pubblicazioni, Ricerche, Seminari, Spettacoli.[\/vc_column_text][vc_column_text]<a href=\"\/?page_id=18617\">2026<\/a> &#8211; <a href=\"\/?page_id=17214\">2025<\/a> &#8211; <a href=\"\/?page_id=15679\">2024<\/a> &#8211; <a href=\"\/?page_id=13504\">2023<\/a> &#8211; <a href=\"\/?page_id=10056\">2022<\/a> &#8211; <strong><a href=\"\/?page_id=7665\">2021<\/a><\/strong> &#8211; <a href=\"\/?page_id=6237\">2020<\/a> &#8211; <a href=\"\/?page_id=6266\">2019<\/a> &#8211; <a href=\"\/?page_id=7382\">2018<\/a> &#8211; <a href=\"\/?page_id=7467\">2017<\/a> &#8211; <a href=\"\/?page_id=7561\">2016<\/a> &#8211; <a href=\"\/?page_id=11391\">2015<\/a> &#8211; <a href=\"\/?page_id=11443\">2014<\/a> &#8211; <a href=\"\/?page_id=11559\">2013<\/a> &#8211; <a href=\"\/?page_id=11465\">2012<\/a> &#8211; <a href=\"\/?page_id=11585\">2011<\/a> &#8211; <a href=\"\/?page_id=11704\">2010<\/a> &#8211; <a href=\"\/?page_id=11784\">2009<\/a> &#8211; <a href=\"\/?page_id=11386\">2008<\/a> &#8211; <a href=\"\/?page_id=11956\">2007<\/a> &#8211; <a href=\"\/?page_id=11960\">2006<\/a>[\/vc_column_text][\/vc_column][\/vc_row][vc_row gap=&#8221;10&#8243;][vc_column width=&#8221;1\/5&#8243; css=&#8221;.vc_custom_1627309518295{padding-top: 15px !important;background-color: #f4f4f4 !important;}&#8221;][vc_single_image image=&#8221;9419&#8243; img_size=&#8221;600&#215;340&#8243;][vc_column_text]<\/p>\n<h5><strong>\u25a9 MEMORIA<br \/>\n<\/strong><\/h5>\n<p>[\/vc_column_text][vc_custom_heading text=&#8221;21 gennaio 2021&#8243; font_container=&#8221;tag:h3|text_align:left&#8221; use_theme_fonts=&#8221;yes&#8221; css=&#8221;.vc_custom_1631119278899{margin-bottom: 10px !important;}&#8221;][vc_column_text]<strong>In memoriam di \u2018Celina\u2019: con Camilla Ravera fond\u00f2 il Pcd\u2019I a Torino.<\/strong> In questo anniversario tanto ricordato, direi quasi celebrato le donne, che pure c\u2019erano e contribuirono alla nascita del Pcd\u2019I.[\/vc_column_text][vc_btn title=&#8221;leggi tutto&#8221; shape=&#8221;square&#8221; color=&#8221;white&#8221; size=&#8221;xs&#8221; align=&#8221;left&#8221; i_type=&#8221;typicons&#8221; i_icon_typicons=&#8221;typcn typcn-document-text&#8221; add_icon=&#8221;true&#8221; link=&#8221;url:http%3A%2F%2Fwww.fondazionedonatcattin.it%2F%3Fpage_id%3D6101||target:%20_blank|&#8221;][\/vc_column][vc_column width=&#8221;1\/5&#8243; css=&#8221;.vc_custom_1626865103980{padding-top: 15px !important;background-color: #f4f4f4 !important;}&#8221;][vc_video link=&#8221;https:\/\/vimeo.com\/505061088&#8243;][vc_column_text]<\/p>\n<h5><strong>\u25a9 LETTURE<br \/>\n<\/strong><\/h5>\n<p>[\/vc_column_text][vc_custom_heading text=&#8221;27 gennaio 2021&#8243; font_container=&#8221;tag:h3|text_align:left&#8221; use_theme_fonts=&#8221;yes&#8221; css=&#8221;.vc_custom_1631119296301{margin-bottom: 10px !important;}&#8221;][vc_column_text]Fra il Dante pop dei dantisti improvvisati e il Dante delle celebrazioni ufficiali noi abbiamo scelto il <strong>Dante di Primo Levi<\/strong>, quello dell\u2019undicesimo capitolo di Se questo \u00e8 un uomo.[\/vc_column_text][vc_btn title=&#8221;leggi tutto&#8221; shape=&#8221;square&#8221; color=&#8221;white&#8221; size=&#8221;xs&#8221; align=&#8221;left&#8221; i_type=&#8221;typicons&#8221; i_icon_typicons=&#8221;typcn typcn-document-text&#8221; add_icon=&#8221;true&#8221; link=&#8221;url:http%3A%2F%2Fwww.fondazionedonatcattin.it%2F%3Fpage_id%3D6122||target:%20_blank|&#8221;][\/vc_column][vc_column width=&#8221;1\/5&#8243; css=&#8221;.vc_custom_1628415317745{padding-top: 15px !important;background-color: #f4f4f4 !important;border-radius: 5px !important;}&#8221;]<div id=\"ts-vcsc-vimeo-3226913\" class=\"ts-video-container \" ><iframe class=\"ts-video-iframe\" src=\"https:\/\/player.vimeo.com\/video\/511417103?autoplay=0\" width=\"100%\" height=\"auto\" frameborder=\"0\" webkitallowfullscreen mozallowfullscreen allowfullscreen><\/iframe><\/div>[vc_column_text css=&#8221;.vc_custom_1631120279639{padding-top: 13px !important;}&#8221;]<\/p>\n<h5><strong>\u25a9 MEMORIA<br \/>\n<\/strong><\/h5>\n<p>[\/vc_column_text][vc_custom_heading text=&#8221;9 febbraio 2021&#8243; font_container=&#8221;tag:h3|text_align:justify&#8221; use_theme_fonts=&#8221;yes&#8221; css=&#8221;.vc_custom_1631119322342{margin-bottom: 10px !important;}&#8221;][vc_column_text]<strong>Franco Marini<\/strong>, tra i pi\u00f9 significativi interpreti di quel cattolicesimo sociale, \u00e8 stato uno dei suoi soci fondatori della Fondazione Carlo Donat-Cattin ed uno dei suoi punti di riferimento culturali.[\/vc_column_text][vc_btn title=&#8221;leggi tutto&#8221; shape=&#8221;square&#8221; color=&#8221;white&#8221; size=&#8221;xs&#8221; align=&#8221;left&#8221; i_type=&#8221;typicons&#8221; i_icon_typicons=&#8221;typcn typcn-document-text&#8221; add_icon=&#8221;true&#8221; link=&#8221;url:http%3A%2F%2Fwww.fondazionedonatcattin.it%2F%3Fpage_id%3D6199||target:%20_blank|&#8221;][\/vc_column][vc_column width=&#8221;1\/5&#8243; css=&#8221;.vc_custom_1628415354512{padding-top: 15px !important;background-color: #f4f4f4 !important;border-radius: 5px !important;}&#8221;][vc_single_image image=&#8221;6448&#8243; img_size=&#8221;600&#215;340&#8243;][vc_column_text]<\/p>\n<h5><strong>\u25a9 RICERCHE<\/strong><\/h5>\n<p>[\/vc_column_text][vc_custom_heading text=&#8221;marzo 2021&#8243; font_container=&#8221;tag:h3|text_align:justify&#8221; use_theme_fonts=&#8221;yes&#8221; css=&#8221;.vc_custom_1631119335235{margin-bottom: 10px !important;}&#8221;][vc_column_text]<strong>L\u2019inverno demografico<\/strong> e il rischio di vivere in un paese di vecchi venne anticipato 35 anni fa, durante il convegno di Saint Vincent del 1986, dal ministro della Sanit\u00e0 Carlo Donat-Cattin.[\/vc_column_text][vc_btn title=&#8221;leggi tutto&#8221; shape=&#8221;square&#8221; color=&#8221;white&#8221; size=&#8221;xs&#8221; align=&#8221;left&#8221; i_type=&#8221;typicons&#8221; i_icon_typicons=&#8221;typcn typcn-document-text&#8221; add_icon=&#8221;true&#8221; link=&#8221;url:http%3A%2F%2Fwww.fondazionedonatcattin.it%2F%3Fpage_id%3D6416||target:%20_blank|&#8221;][\/vc_column][vc_column width=&#8221;1\/5&#8243; css=&#8221;.vc_custom_1631103095298{padding-top: 15px !important;background-color: #f4f4f4 !important;}&#8221;][vc_single_image image=&#8221;16746&#8243; img_size=&#8221;600&#215;340&#8243;][vc_column_text]<\/p>\n<h5><strong>\u25a9 CONVEGNI<\/strong><\/h5>\n<p>[\/vc_column_text][vc_custom_heading text=&#8221;15 aprile 2021&#8243; font_container=&#8221;tag:h3|text_align:left&#8221; use_theme_fonts=&#8221;yes&#8221; css=&#8221;.vc_custom_1631119348808{margin-bottom: 10px !important;}&#8221;][vc_column_text]La Fondazione\u00a0 nel 30\u00b0 anniversario della scomparsa di Carlo Donat-Cattin promuove una tavola rotonda, in diretta streaming con il ministro del Lavoro Andrea Orlando.[\/vc_column_text][vc_btn title=&#8221;leggi tutto&#8221; shape=&#8221;square&#8221; color=&#8221;white&#8221; size=&#8221;xs&#8221; align=&#8221;left&#8221; i_type=&#8221;typicons&#8221; i_icon_typicons=&#8221;typcn typcn-document-text&#8221; add_icon=&#8221;true&#8221; link=&#8221;url:http%3A%2F%2Fwww.fondazionedonatcattin.it%2F%3Fpage_id%3D6650||target:%20_blank|&#8221;][\/vc_column][\/vc_row][vc_row gap=&#8221;10&#8243;][vc_column width=&#8221;1\/5&#8243; css=&#8221;.vc_custom_1631103095298{padding-top: 15px !important;background-color: #f4f4f4 !important;}&#8221;][vc_video link=&#8221;https:\/\/youtu.be\/vo0ZIpD5mIo&#8221;][vc_column_text]<\/p>\n<h5><strong>\u25a9 SPETTACOLI<\/strong><\/h5>\n<p>[\/vc_column_text][vc_custom_heading text=&#8221;25 aprile 2021&#8243; font_container=&#8221;tag:h3|text_align:justify&#8221; use_theme_fonts=&#8221;yes&#8221; css=&#8221;.vc_custom_1631119396676{margin-bottom: 10px !important;}&#8221;][vc_column_text]La Resistenza non armata, l\u2019esistenza quotidiana di coloro che, in modo a volte nascosto o a volte pi\u00f9 eclatante, misero la loro vita a repentaglio per combattere senza ricorrere alle armi.[\/vc_column_text][vc_btn title=&#8221;leggi tutto&#8221; shape=&#8221;square&#8221; color=&#8221;white&#8221; size=&#8221;xs&#8221; align=&#8221;left&#8221; i_type=&#8221;typicons&#8221; i_icon_typicons=&#8221;typcn typcn-document-text&#8221; add_icon=&#8221;true&#8221; link=&#8221;url:http%3A%2F%2Fwww.fondazionedonatcattin.it%2F%3Fpage_id%3D6696||target:%20_blank|&#8221;][\/vc_column][vc_column width=&#8221;1\/5&#8243; css=&#8221;.vc_custom_1627309518295{padding-top: 15px !important;background-color: #f4f4f4 !important;}&#8221;][vc_single_image image=&#8221;6810&#8243; img_size=&#8221;600&#215;340&#8243;][vc_column_text]<\/p>\n<h5><strong>\u25a9 MEMORIA<br \/>\n<\/strong><\/h5>\n<p>[\/vc_column_text][vc_custom_heading text=&#8221;1 maggio 2021&#8243; font_container=&#8221;tag:h3|text_align:left&#8221; use_theme_fonts=&#8221;yes&#8221; css=&#8221;.vc_custom_1631119407248{margin-bottom: 10px !important;}&#8221;][vc_column_text]\u00abQuesta raccolta di canti italiani del lavoro vuole essere, oltre che un rapido documentario storicamente e politicamente commentato, un vero e proprio canzoniere, cio\u00e8 uno strumento d\u2019uso. [\u2026]\u00bb.[\/vc_column_text][vc_btn title=&#8221;leggi tutto&#8221; shape=&#8221;square&#8221; color=&#8221;white&#8221; size=&#8221;xs&#8221; align=&#8221;left&#8221; i_type=&#8221;typicons&#8221; i_icon_typicons=&#8221;typcn typcn-document-text&#8221; add_icon=&#8221;true&#8221; link=&#8221;url:http%3A%2F%2Fwww.fondazionedonatcattin.it%2F%3Fpage_id%3D6730||target:%20_blank|&#8221;][\/vc_column][vc_column width=&#8221;1\/5&#8243; css=&#8221;.vc_custom_1628415354512{padding-top: 15px !important;background-color: #f4f4f4 !important;border-radius: 5px !important;}&#8221;][vc_video link=&#8221;https:\/\/youtu.be\/c3xq5zJ58mY&#8221;][vc_column_text]<\/p>\n<h5><strong>\u25a9 MOSTRE<br \/>\n<\/strong><\/h5>\n<p>[\/vc_column_text][vc_custom_heading text=&#8221;Dal 6 al 26 maggio 2021&#8243; font_container=&#8221;tag:h3|text_align:justify&#8221; use_theme_fonts=&#8221;yes&#8221; css=&#8221;.vc_custom_1631119418757{margin-bottom: 10px !important;}&#8221;][vc_column_text]Mostra &#8220;<strong>Dai medici condotti al Servizio Sanitario Nazionale<\/strong>&#8220;. La Valorizzazione e la difesa del Servizio Sanitario Nazionale, l\u2019importanza e l\u2019insostituibilit\u00e0.[\/vc_column_text][vc_btn title=&#8221;leggi tutto&#8221; shape=&#8221;square&#8221; color=&#8221;white&#8221; size=&#8221;xs&#8221; align=&#8221;left&#8221; i_type=&#8221;typicons&#8221; i_icon_typicons=&#8221;typcn typcn-document-text&#8221; add_icon=&#8221;true&#8221; link=&#8221;url:http%3A%2F%2Fwww.fondazionedonatcattin.it%2F%3Fpage_id%3D6714||target:%20_blank|&#8221;][\/vc_column][vc_column width=&#8221;1\/5&#8243; css=&#8221;.vc_custom_1628415317745{padding-top: 15px !important;background-color: #f4f4f4 !important;border-radius: 5px !important;}&#8221;][vc_video link=&#8221;https:\/\/youtu.be\/jWXTsEeU3FA&#8221;][vc_column_text]<\/p>\n<h5><strong>\u25a9 CONVEGNI<br \/>\n<\/strong><\/h5>\n<p>[\/vc_column_text][vc_custom_heading text=&#8221;14 maggio 2021&#8243; font_container=&#8221;tag:h3|text_align:justify&#8221; use_theme_fonts=&#8221;yes&#8221; css=&#8221;.vc_custom_1631119455766{margin-bottom: 10px !important;}&#8221;][vc_column_text]Il primo <strong>Museo di Medicina di Torino<\/strong>, il <strong>Museo del Mutuo soccorso di Pinerolo<\/strong> cittadina dove \u00e8 nata la prima Societ\u00e0 di Mutuo soccorso e il <strong>Museo della farmacia Picciola di Vercelli<\/strong>.[\/vc_column_text][vc_btn title=&#8221;leggi tutto&#8221; shape=&#8221;square&#8221; color=&#8221;white&#8221; size=&#8221;xs&#8221; align=&#8221;left&#8221; i_type=&#8221;typicons&#8221; i_icon_typicons=&#8221;typcn typcn-document-text&#8221; add_icon=&#8221;true&#8221; link=&#8221;url:http%3A%2F%2Fwww.fondazionedonatcattin.it%2F%3Fpage_id%3D6785||target:%20_blank|&#8221;][\/vc_column][vc_column width=&#8221;1\/5&#8243; css=&#8221;.vc_custom_1626865103980{padding-top: 15px !important;background-color: #f4f4f4 !important;}&#8221;][vc_video link=&#8221;https:\/\/youtu.be\/qrvyH_vxEtk&#8221;][vc_column_text]<\/p>\n<h5><strong>\u25a9 CONVEGNI<br \/>\n<\/strong><\/h5>\n<p>[\/vc_column_text][vc_custom_heading text=&#8221;19 maggio 2021&#8243; font_container=&#8221;tag:h3|text_align:justify&#8221; use_theme_fonts=&#8221;yes&#8221; css=&#8221;.vc_custom_1631949076029{margin-bottom: 10px !important;}&#8221;][vc_column_text]<strong>Renato Balduzzi<\/strong>, Ministro della Salute dal 2011 al 2013, ci parla del ruolo della sanit\u00e0 pubblica come potente fattore di uguaglianza sociale e pilastro del welfare del futuro.[\/vc_column_text][vc_btn title=&#8221;leggi tutto&#8221; shape=&#8221;square&#8221; color=&#8221;white&#8221; size=&#8221;xs&#8221; align=&#8221;left&#8221; i_type=&#8221;typicons&#8221; i_icon_typicons=&#8221;typcn typcn-document-text&#8221; add_icon=&#8221;true&#8221; link=&#8221;url:http%3A%2F%2Fwww.fondazionedonatcattin.it%2F%3Fpage_id%3D6800||target:%20_blank|&#8221;][\/vc_column][\/vc_row][vc_row gap=&#8221;10&#8243;][vc_column width=&#8221;1\/5&#8243; css=&#8221;.vc_custom_1627309518295{padding-top: 15px !important;background-color: #f4f4f4 !important;}&#8221;][vc_video link=&#8221;https:\/\/youtu.be\/ZMZJXG0cLvw&#8221;][vc_column_text]<\/p>\n<h5><strong>\u25a9 INCONTRI CON GLI AUTORI<br \/>\n<\/strong><\/h5>\n<p>[\/vc_column_text][vc_custom_heading text=&#8221;12 maggio 2021&#8243; font_container=&#8221;tag:h3|text_align:left&#8221; use_theme_fonts=&#8221;yes&#8221; css=&#8221;.vc_custom_1631119439647{margin-bottom: 10px !important;}&#8221;][vc_column_text]La presentazione del libro di Marco Follini si inserisce in un percorso di approfondimento avviato da qualche tempo sulla storia della Democrazia Cristiana italiana.[\/vc_column_text][vc_btn title=&#8221;leggi tutto&#8221; shape=&#8221;square&#8221; color=&#8221;white&#8221; size=&#8221;xs&#8221; align=&#8221;left&#8221; i_type=&#8221;typicons&#8221; i_icon_typicons=&#8221;typcn typcn-document-text&#8221; add_icon=&#8221;true&#8221; link=&#8221;url:http%3A%2F%2Fwww.fondazionedonatcattin.it%2F%3Fpage_id%3D6769||target:%20_blank|&#8221;][\/vc_column][vc_column width=&#8221;1\/5&#8243; css=&#8221;.vc_custom_1628415317745{padding-top: 15px !important;background-color: #f4f4f4 !important;border-radius: 5px !important;}&#8221;][vc_video link=&#8221;https:\/\/youtu.be\/y10J_SX3Y8g&#8221;][vc_column_text]<\/p>\n<h5><strong>\u25a9 SEMINARI<\/strong><\/h5>\n<p>[\/vc_column_text][vc_custom_heading text=&#8221;24 maggio 2021&#8243; font_container=&#8221;tag:h3|text_align:left&#8221; use_theme_fonts=&#8221;yes&#8221; css=&#8221;.vc_custom_1631119467802{margin-bottom: 10px !important;}&#8221;][vc_column_text]Ciclo di incontri.<br \/>\nLo <strong>Smartworking<\/strong> ha avuto una accelerazione a causa della pandemia, cambiando profondamente il lavoro.[\/vc_column_text][vc_btn title=&#8221;leggi tutto&#8221; shape=&#8221;square&#8221; color=&#8221;white&#8221; size=&#8221;xs&#8221; align=&#8221;left&#8221; i_type=&#8221;typicons&#8221; i_icon_typicons=&#8221;typcn typcn-document-text&#8221; add_icon=&#8221;true&#8221; link=&#8221;url:http%3A%2F%2Fwww.fondazionedonatcattin.it%2F%3Fpage_id%3D6831||target:%20_blank|&#8221;][\/vc_column][vc_column width=&#8221;1\/5&#8243; css=&#8221;.vc_custom_1628415354512{padding-top: 15px !important;background-color: #f4f4f4 !important;border-radius: 5px !important;}&#8221;][vc_video link=&#8221;https:\/\/youtu.be\/0ILnTZ-_ZBo&#8221;][vc_column_text]<\/p>\n<h5><strong>\u25a9 CONVEGNI<\/strong><\/h5>\n<p>[\/vc_column_text][vc_custom_heading text=&#8221;26 maggio 2021&#8243; font_container=&#8221;tag:h3|text_align:justify&#8221; use_theme_fonts=&#8221;yes&#8221; css=&#8221;.vc_custom_1631119479609{margin-bottom: 10px !important;}&#8221;][vc_column_text]Una serie di casi clinici descritti da medici e pazienti. Dagli interventi chirurgici preanestesia, fino alle sperequazioni tra mutuati e paganti alla met\u00e0 del XX secolo.[\/vc_column_text][vc_btn title=&#8221;leggi tutto&#8221; shape=&#8221;square&#8221; color=&#8221;white&#8221; size=&#8221;xs&#8221; align=&#8221;left&#8221; i_type=&#8221;typicons&#8221; i_icon_typicons=&#8221;typcn typcn-document-text&#8221; add_icon=&#8221;true&#8221; link=&#8221;url:http%3A%2F%2Fwww.fondazionedonatcattin.it%2F%3Fpage_id%3D6845||target:%20_blank|&#8221;][vc_text_separator title=&#8221;&#8221;][\/vc_column][vc_column width=&#8221;1\/5&#8243; css=&#8221;.vc_custom_1631103095298{padding-top: 15px !important;background-color: #f4f4f4 !important;}&#8221;][vc_video link=&#8221;https:\/\/youtu.be\/rNIAqSBiYzo&#8221;][vc_column_text]<\/p>\n<h5><strong>\u25a9 SEMINARI<\/strong><\/h5>\n<p>[\/vc_column_text][vc_custom_heading text=&#8221;14 giugno 2021&#8243; font_container=&#8221;tag:h3|text_align:justify&#8221; use_theme_fonts=&#8221;yes&#8221; css=&#8221;.vc_custom_1631119489351{margin-bottom: 10px !important;}&#8221;][vc_column_text]La realt\u00e0 italiana dietro la parola inglese. Secondo appuntamento su <strong>Smartworking: lavoro libero o lavoro vigilato? Come cambiano lavoro e societ\u00e0 ai tempi del Coronavirus<\/strong>.[\/vc_column_text][vc_btn title=&#8221;leggi tutto&#8221; shape=&#8221;square&#8221; color=&#8221;white&#8221; size=&#8221;xs&#8221; align=&#8221;left&#8221; i_type=&#8221;typicons&#8221; i_icon_typicons=&#8221;typcn typcn-document-text&#8221; add_icon=&#8221;true&#8221; link=&#8221;url:http%3A%2F%2Fwww.fondazionedonatcattin.it%2F%3Fpage_id%3D7028||target:%20_blank|&#8221;][\/vc_column][vc_column width=&#8221;1\/5&#8243; css=&#8221;.vc_custom_1626865103980{padding-top: 15px !important;background-color: #f4f4f4 !important;}&#8221;][vc_video link=&#8221;https:\/\/youtu.be\/5lCGo3OZ6ng&#8221;][vc_column_text]<\/p>\n<h5><strong>\u25a9 CONVEGNI<\/strong><\/h5>\n<p>[\/vc_column_text][vc_custom_heading text=&#8221;30 giugno 2021&#8243; font_container=&#8221;tag:h3|text_align:left&#8221; use_theme_fonts=&#8221;yes&#8221; css=&#8221;.vc_custom_1631119499360{margin-bottom: 10px !important;}&#8221;][vc_column_text]<strong>La crisi demografica<\/strong>, su cui da alcuni mesi si \u00e8 aperto un ampio dibattito, \u00e8 uno degli aspetti della crisi del Paese, che \u00e8 contemporaneamente crisi economica, sociale e culturale.[\/vc_column_text][vc_btn title=&#8221;leggi tutto&#8221; shape=&#8221;square&#8221; color=&#8221;white&#8221; size=&#8221;xs&#8221; align=&#8221;left&#8221; i_type=&#8221;typicons&#8221; i_icon_typicons=&#8221;typcn typcn-document-text&#8221; add_icon=&#8221;true&#8221; link=&#8221;url:http%3A%2F%2Fwww.fondazionedonatcattin.it%2F%3Fpage_id%3D7042||target:%20_blank|&#8221;][\/vc_column][\/vc_row][vc_row gap=&#8221;10&#8243;][vc_column width=&#8221;1\/5&#8243; css=&#8221;.vc_custom_1631103095298{padding-top: 15px !important;background-color: #f4f4f4 !important;}&#8221;][vc_video link=&#8221;https:\/\/youtu.be\/knMcjATfhyA&#8221;][vc_column_text]<\/p>\n<h5><strong>\u25a9 INCONTRI CON GLI AUTORI<br \/>\n<\/strong><\/h5>\n<p>[\/vc_column_text][vc_custom_heading text=&#8221;2 luglio 2021&#8243; font_container=&#8221;tag:h3|text_align:left&#8221; use_theme_fonts=&#8221;yes&#8221; css=&#8221;.vc_custom_1631119510534{margin-bottom: 10px !important;}&#8221;][vc_column_text]<strong>Franco Marini<\/strong>, esponente di primo piano della sinistra sociale e del popolarismo di ispirazione cristiana nella storia del nostro paese: sindacalista, un politico e un uomo delle istituzioni.[\/vc_column_text][vc_btn title=&#8221;leggi tutto&#8221; shape=&#8221;square&#8221; color=&#8221;white&#8221; size=&#8221;xs&#8221; align=&#8221;left&#8221; i_type=&#8221;typicons&#8221; i_icon_typicons=&#8221;typcn typcn-document-text&#8221; add_icon=&#8221;true&#8221; link=&#8221;url:http%3A%2F%2Fwww.fondazionedonatcattin.it%2F%3Fpage_id%3D7057|title:Franco%20Marini%20Il%20Popolare%20%E2%80%93%202%20luglio%202021|target:%20_blank|&#8221;][\/vc_column][vc_column width=&#8221;1\/5&#8243; css=&#8221;.vc_custom_1628415354512{padding-top: 15px !important;background-color: #f4f4f4 !important;border-radius: 5px !important;}&#8221;][vc_video link=&#8221;https:\/\/youtu.be\/NXwGzZMRxZ0&#8243;][vc_column_text]<\/p>\n<h5><strong>\u25a9 SEMINARI<\/strong><\/h5>\n<p>[\/vc_column_text][vc_custom_heading text=&#8221;5 luglio 2021&#8243; font_container=&#8221;tag:h3|text_align:left&#8221; use_theme_fonts=&#8221;yes&#8221; css=&#8221;.vc_custom_1631119523903{margin-bottom: 10px !important;}&#8221;][vc_column_text]<strong>Testimonianze ed esperienze di lavoratori sullo Smartworking<\/strong>. Tra luci e ombre, norme e regolamenti: nuove regole rispetto ai tempi di vita e all&#8217;organizzazione dei luoghi del lavoro.[\/vc_column_text][vc_btn title=&#8221;leggi tutto&#8221; shape=&#8221;square&#8221; color=&#8221;white&#8221; size=&#8221;xs&#8221; align=&#8221;left&#8221; i_type=&#8221;typicons&#8221; i_icon_typicons=&#8221;typcn typcn-document-text&#8221; add_icon=&#8221;true&#8221; link=&#8221;url:http%3A%2F%2Fwww.fondazionedonatcattin.it%2F%3Fpage_id%3D7105|title:Smartworking%20e%20lavoratori%3A%20Il%20sindacato%20alla%20prova%20del%20lavoro%204.0%20%E2%80%93%205%20luglio%202021|target:%20_blank|&#8221;][\/vc_column][vc_column width=&#8221;1\/5&#8243; css=&#8221;.vc_custom_1628415317745{padding-top: 15px !important;background-color: #f4f4f4 !important;border-radius: 5px !important;}&#8221;][vc_video link=&#8221;https:\/\/youtu.be\/xWAyJG7sfuU&#8221;][vc_column_text]<\/p>\n<h5><strong>\u25a9 INCONTRI CON GLI AUTORI<br \/>\n<\/strong><\/h5>\n<p>[\/vc_column_text][vc_custom_heading text=&#8221;15 luglio 2021&#8243; font_container=&#8221;tag:h3|text_align:justify&#8221; use_theme_fonts=&#8221;yes&#8221; css=&#8221;.vc_custom_1631119534800{margin-bottom: 10px !important;}&#8221;][vc_column_text]Fuori dai luoghi comuni, le espressioni vitali di coscienza civica nel nostro Paese sono tante e costituiscono il germe trasformativo della societ\u00e0.[\/vc_column_text][vc_btn title=&#8221;leggi tutto&#8221; shape=&#8221;square&#8221; color=&#8221;white&#8221; size=&#8221;xs&#8221; align=&#8221;left&#8221; i_type=&#8221;typicons&#8221; i_icon_typicons=&#8221;typcn typcn-document-text&#8221; add_icon=&#8221;true&#8221; link=&#8221;url:http%3A%2F%2Fwww.fondazionedonatcattin.it%2F%3Fpage_id%3D7161||target:%20_blank|&#8221;][\/vc_column][vc_column width=&#8221;1\/5&#8243; css=&#8221;.vc_custom_1626865103980{padding-top: 15px !important;background-color: #f4f4f4 !important;}&#8221;][vc_single_image image=&#8221;7643&#8243; img_size=&#8221;600&#215;340&#8243;][vc_column_text]<\/p>\n<h5><strong>\u25a9 INCONTRI CON GLI AUTORI<br \/>\n<\/strong><\/h5>\n<p>[\/vc_column_text][vc_custom_heading text=&#8221;9 settembre 2021&#8243; font_container=&#8221;tag:h3|text_align:justify&#8221; use_theme_fonts=&#8221;yes&#8221; css=&#8221;.vc_custom_1631120865519{margin-bottom: 10px !important;}&#8221;][vc_column_text]L\u2019archivio di Trabucco, di grande rilievo per la conoscenza delle vicende del movimento cattolico torinese nell\u2019immediato dopoguerra, sono conservate presso la Fondazione Donat-Cattin.[\/vc_column_text][vc_btn title=&#8221;leggi tutto&#8221; shape=&#8221;square&#8221; color=&#8221;white&#8221; size=&#8221;xs&#8221; align=&#8221;left&#8221; i_type=&#8221;typicons&#8221; i_icon_typicons=&#8221;typcn typcn-document-text&#8221; add_icon=&#8221;true&#8221; link=&#8221;url:http%3A%2F%2Fwww.fondazionedonatcattin.it%2F%3Fpage_id%3D7640||target:%20_blank|&#8221;][\/vc_column][vc_column width=&#8221;1\/5&#8243; css=&#8221;.vc_custom_1627309518295{padding-top: 15px !important;background-color: #f4f4f4 !important;}&#8221;][vc_video link=&#8221;https:\/\/youtu.be\/lovTZs0miUw&#8221;][vc_column_text]<\/p>\n<h5><strong>\u25a9 CONVEGNI<\/strong><\/h5>\n<p>[\/vc_column_text][vc_custom_heading text=&#8221;10 settembre 2021&#8243; font_container=&#8221;tag:h3|text_align:justify&#8221; use_theme_fonts=&#8221;yes&#8221; css=&#8221;.vc_custom_1631122132650{margin-bottom: 10px !important;}&#8221;][vc_column_text]<strong>La crisi Afghana<\/strong>, scoppiata nel mese di agosto ma annunciata da tempo, rappresenta una delle pi\u00f9 disastrose sconfitte della societ\u00e0 occidentale ad opera di un movimento totalitario.[\/vc_column_text][vc_btn title=&#8221;leggi tutto&#8221; shape=&#8221;square&#8221; color=&#8221;white&#8221; size=&#8221;xs&#8221; align=&#8221;left&#8221; i_type=&#8221;typicons&#8221; i_icon_typicons=&#8221;typcn typcn-document-text&#8221; add_icon=&#8221;true&#8221; link=&#8221;url:http%3A%2F%2Fwww.fondazionedonatcattin.it%2F%3Fpage_id%3D7625||target:%20_blank|&#8221;][\/vc_column][\/vc_row][vc_row gap=&#8221;10&#8243;][vc_column width=&#8221;1\/5&#8243; css=&#8221;.vc_custom_1631103095298{padding-top: 15px !important;background-color: #f4f4f4 !important;}&#8221;][vc_video link=&#8221;https:\/\/youtu.be\/HB4_MvuWLd0&#8243;][vc_column_text]<\/p>\n<h5><strong>\u25a9 CONVEGNI<br \/>\n<\/strong><\/h5>\n<p>[\/vc_column_text][vc_custom_heading text=&#8221;13 ottobre 2021&#8243; font_container=&#8221;tag:h3|text_align:left&#8221; use_theme_fonts=&#8221;yes&#8221; css=&#8221;.vc_custom_1639066009645{margin-bottom: 10px !important;}&#8221;][vc_column_text]<strong>Giuseppe Dossetti<\/strong>, il suo pensiero, la sua azione politica e le sue esperienze sono un riferimento nella cultura politica, sociale ed economica d\u2019ispirazione cristiana nel Novecento.[\/vc_column_text][vc_btn title=&#8221;leggi tutto&#8221; shape=&#8221;square&#8221; color=&#8221;white&#8221; size=&#8221;xs&#8221; align=&#8221;left&#8221; i_type=&#8221;typicons&#8221; i_icon_typicons=&#8221;typcn typcn-document-text&#8221; add_icon=&#8221;true&#8221; link=&#8221;url:http%3A%2F%2Fwww.fondazionedonatcattin.it%2F%3Fpage_id%3D8327|title:Franco%20Marini%20Il%20Popolare%20%E2%80%93%202%20luglio%202021|target:%20_blank|&#8221;][\/vc_column][vc_column width=&#8221;1\/5&#8243; css=&#8221;.vc_custom_1628415354512{padding-top: 15px !important;background-color: #f4f4f4 !important;border-radius: 5px !important;}&#8221;][vc_single_image image=&#8221;8322&#8243; img_size=&#8221;600&#215;340&#8243;][vc_column_text]<\/p>\n<h5><strong>\u25a9 DIDATTICA<\/strong><\/h5>\n<p>[\/vc_column_text][vc_custom_heading text=&#8221;2021 &#8211; 2022&#8243; font_container=&#8221;tag:h3|text_align:left&#8221; use_theme_fonts=&#8221;yes&#8221; css=&#8221;.vc_custom_1639066036227{margin-bottom: 10px !important;}&#8221;][vc_column_text]<strong>l tirocinio \u00e8 organizzato in 150 ore totali per un totale di 6 crediti formativi universitari (CFU). <\/strong>Gli incontri sono articolati in lezioni in aula ed esercitazioni pratiche.[\/vc_column_text][vc_btn title=&#8221;leggi tutto&#8221; shape=&#8221;square&#8221; color=&#8221;white&#8221; size=&#8221;xs&#8221; align=&#8221;left&#8221; i_type=&#8221;typicons&#8221; i_icon_typicons=&#8221;typcn typcn-document-text&#8221; add_icon=&#8221;true&#8221; link=&#8221;url:http%3A%2F%2Fwww.fondazionedonatcattin.it%2F%3Fpage_id%3D8310||target:%20_blank|&#8221;][\/vc_column][vc_column width=&#8221;1\/5&#8243; css=&#8221;.vc_custom_1628415317745{padding-top: 15px !important;background-color: #f4f4f4 !important;border-radius: 5px !important;}&#8221;][vc_video link=&#8221;https:\/\/youtu.be\/l8xuORO7D8Q&#8221;][vc_column_text]<\/p>\n<h5><strong>\u25a9 INCONTRI CON GLI AUTORI<br \/>\n<\/strong><\/h5>\n<p>[\/vc_column_text][vc_custom_heading text=&#8221;22 ottobre 2021&#8243; font_container=&#8221;tag:h3|text_align:justify&#8221; use_theme_fonts=&#8221;yes&#8221; css=&#8221;.vc_custom_1639066511481{margin-bottom: 10px !important;}&#8221;][vc_column_text]I lampioni di Torino hanno un fascino che penetra nell\u2019immaginario: liberty, sabaudi, risorgimentali, razionalisti, contemporanei, avveniristici; avvolti di luci d\u2019artista colorate, oppure luminosi di luce calda.[\/vc_column_text][vc_btn title=&#8221;leggi tutto&#8221; shape=&#8221;square&#8221; color=&#8221;white&#8221; size=&#8221;xs&#8221; align=&#8221;left&#8221; i_type=&#8221;typicons&#8221; i_icon_typicons=&#8221;typcn typcn-document-text&#8221; add_icon=&#8221;true&#8221; link=&#8221;url:http%3A%2F%2Fwww.fondazionedonatcattin.it%2F%3Fpage_id%3D8572||target:%20_blank|&#8221;][\/vc_column][vc_column width=&#8221;1\/5&#8243; css=&#8221;.vc_custom_1626865103980{padding-top: 15px !important;background-color: #f4f4f4 !important;}&#8221;][vc_video link=&#8221;https:\/\/www.youtube.com\/watch?v=_uDfWFNVaVg&#8221;][vc_column_text]<\/p>\n<h5><strong>\u25a9 INCONTRI CON GLI AUTORI<br \/>\n<\/strong><\/h5>\n<p>[\/vc_column_text][vc_custom_heading text=&#8221;Roma, 26 ottobre 2021&#8243; font_container=&#8221;tag:h3|text_align:justify&#8221; use_theme_fonts=&#8221;yes&#8221; css=&#8221;.vc_custom_1639066777924{margin-bottom: 10px !important;}&#8221;][vc_column_text]<strong>Carlo Donat-Cattin. La vita e le idee di un democristiano scomodo.<\/strong> La pubblicazione della biografia aggiornata e completa di Carlo Donat-Cattin, di Giorgio Aimetti, Rubbettino editore.[\/vc_column_text][vc_btn title=&#8221;leggi tutto&#8221; shape=&#8221;square&#8221; color=&#8221;white&#8221; size=&#8221;xs&#8221; align=&#8221;left&#8221; i_type=&#8221;typicons&#8221; i_icon_typicons=&#8221;typcn typcn-document-text&#8221; add_icon=&#8221;true&#8221; link=&#8221;url:http%3A%2F%2Fwww.fondazionedonatcattin.it%2F%3Fpage_id%3D8585||target:%20_blank|&#8221;][\/vc_column][vc_column width=&#8221;1\/5&#8243; css=&#8221;.vc_custom_1627309518295{padding-top: 15px !important;background-color: #f4f4f4 !important;}&#8221;][vc_video link=&#8221;https:\/\/www.youtube.com\/watch?v=V8AUusODatA&#8221;][vc_column_text]<\/p>\n<h5><strong>\u25a9 CONVEGNI<\/strong><\/h5>\n<p>[\/vc_column_text][vc_custom_heading text=&#8221;5 novembre 2021&#8243; font_container=&#8221;tag:h3|text_align:justify&#8221; use_theme_fonts=&#8221;yes&#8221; css=&#8221;.vc_custom_1639067116583{margin-bottom: 10px !important;}&#8221;][vc_column_text]<strong>Mondo Contemporaneo. Il cattolicesimo politico nella storia dell\u2019Italia repubblicana: le interpretazioni degli storici.<\/strong> Presentazione del numero speciale 2-3\/2018[\/vc_column_text][vc_btn title=&#8221;leggi tutto&#8221; shape=&#8221;square&#8221; color=&#8221;white&#8221; size=&#8221;xs&#8221; align=&#8221;left&#8221; i_type=&#8221;typicons&#8221; i_icon_typicons=&#8221;typcn typcn-document-text&#8221; add_icon=&#8221;true&#8221; link=&#8221;url:http%3A%2F%2Fwww.fondazionedonatcattin.it%2F%3Fpage_id%3D8762||target:%20_blank|&#8221;][\/vc_column][\/vc_row][vc_row gap=&#8221;10&#8243;][vc_column width=&#8221;1\/5&#8243; css=&#8221;.vc_custom_1631103095298{padding-top: 15px !important;background-color: #f4f4f4 !important;}&#8221;][vc_single_image image=&#8221;8812&#8243; img_size=&#8221;600&#215;340&#8243;][vc_column_text]<\/p>\n<h5><strong>\u25a9 INCONTRI CON GLI AUTORI<br \/>\n<\/strong><\/h5>\n<p>[\/vc_column_text][vc_custom_heading text=&#8221;12 novembre 2021&#8243; font_container=&#8221;tag:h3|text_align:left&#8221; use_theme_fonts=&#8221;yes&#8221; css=&#8221;.vc_custom_1639067509174{margin-bottom: 10px !important;}&#8221;][vc_column_text]Presentazione del volume di Giacomo L.Vaccarino: <strong>La coscienza infelice. Percezione e immagini della malattia mentale dal mito alle neuroscienze<\/strong>,\u00a0 Tipografia Baima-Ronchetti, 2021[\/vc_column_text][vc_btn title=&#8221;leggi tutto&#8221; shape=&#8221;square&#8221; color=&#8221;white&#8221; size=&#8221;xs&#8221; align=&#8221;left&#8221; i_type=&#8221;typicons&#8221; i_icon_typicons=&#8221;typcn typcn-document-text&#8221; add_icon=&#8221;true&#8221; link=&#8221;url:http%3A%2F%2Fwww.fondazionedonatcattin.it%2F%3Fpage_id%3D8807||target:%20_blank|&#8221;][\/vc_column][vc_column width=&#8221;1\/5&#8243; css=&#8221;.vc_custom_1628415354512{padding-top: 15px !important;background-color: #f4f4f4 !important;border-radius: 5px !important;}&#8221;][vc_video link=&#8221;https:\/\/www.youtube.com\/watch?v=HNSxqvWeggI&amp;t=694s&#8221;][vc_column_text]<\/p>\n<h5><strong>\u25a9 CONVEGNI<\/strong><\/h5>\n<p>[\/vc_column_text][vc_custom_heading text=&#8221;13 novembre 2021&#8243; font_container=&#8221;tag:h3|text_align:left&#8221; use_theme_fonts=&#8221;yes&#8221; css=&#8221;.vc_custom_1639067809860{margin-bottom: 10px !important;}&#8221;][vc_column_text]Sfide sconfinate. Il tema dello sport attraverso incontri, dibattiti e spettacoli teatrali: <strong>Olimpiadi e Paralimpiadi. Alle radici dello sport<\/strong>: lo sport come fenomeno globale.[\/vc_column_text][vc_btn title=&#8221;leggi tutto&#8221; shape=&#8221;square&#8221; color=&#8221;white&#8221; size=&#8221;xs&#8221; align=&#8221;left&#8221; i_type=&#8221;typicons&#8221; i_icon_typicons=&#8221;typcn typcn-document-text&#8221; add_icon=&#8221;true&#8221; link=&#8221;url:http%3A%2F%2Fwww.fondazionedonatcattin.it%2F%3Fpage_id%3D9056||target:%20_blank|&#8221;][\/vc_column][vc_column width=&#8221;1\/5&#8243; css=&#8221;.vc_custom_1628415317745{padding-top: 15px !important;background-color: #f4f4f4 !important;border-radius: 5px !important;}&#8221;][vc_video link=&#8221;https:\/\/www.youtube.com\/watch?v=bqqeecP8Ur0&#8243;][vc_column_text]<\/p>\n<h5><strong>\u25a9 INCONTRI CON GLI AUTORI<br \/>\n<\/strong><\/h5>\n<p>[\/vc_column_text][vc_custom_heading text=&#8221;3 dicembre 2021&#8243; font_container=&#8221;tag:h3|text_align:justify&#8221; use_theme_fonts=&#8221;yes&#8221; css=&#8221;.vc_custom_1639068321300{margin-bottom: 10px !important;}&#8221;][vc_column_text]Carlo Donat-Cattin \u00e8 stato il leader DC che ha anticipato l\u2019impeto e la schiettezza di un modo nuovo di fare politica, scalzando riti avvolti da veli curiali e dalla retorica di un progressismo di maniera.[\/vc_column_text][vc_btn title=&#8221;leggi tutto&#8221; shape=&#8221;square&#8221; color=&#8221;white&#8221; size=&#8221;xs&#8221; align=&#8221;left&#8221; i_type=&#8221;typicons&#8221; i_icon_typicons=&#8221;typcn typcn-document-text&#8221; add_icon=&#8221;true&#8221; link=&#8221;url:http%3A%2F%2Fwww.fondazionedonatcattin.it%2F%3Fpage_id%3D9019||target:%20_blank|&#8221;][\/vc_column][vc_column width=&#8221;1\/5&#8243; css=&#8221;.vc_custom_1626865103980{padding-top: 15px !important;background-color: #f4f4f4 !important;}&#8221;][\/vc_column][vc_column width=&#8221;1\/5&#8243; css=&#8221;.vc_custom_1627309518295{padding-top: 15px !important;background-color: #f4f4f4 !important;}&#8221;][\/vc_column][\/vc_row]<\/p>\n","protected":false},"excerpt":{"rendered":"<p>[vc_row][vc_column][vc_column_text el_class=&#8221;titolo-pagina&#8221;] [\/vc_column_text][vc_single_image image=&#8221;8123&#8243; img_size=&#8221;full&#8221;][\/vc_column][\/vc_row][vc_row][vc_column][vc_column_text] Eventi e attivit\u00e0 2021 [\/vc_column_text][vc_column_text]Convegni, Dibattiti, Didattica, Eventi, Incontri con gli autori, Letture, Memoria, Mostre, Pubblicazioni, Ricerche, Seminari, Spettacoli.[\/vc_column_text][vc_column_text]2026 &#8211; 2025 &#8211; 2024 &#8211; 2023 &#8211; 2022 &#8211; 2021 &#8211; 2020 &#8211; 2019 &#8211; 2018 &#8211; 2017 &#8211; 2016 &#8211; 2015 &#8211; 2014 &#8211; 2013 &#8211; 2012 &#8211; 2011 &#8211; [&hellip;]<\/p>\n","protected":false},"author":11,"featured_media":0,"parent":0,"menu_order":0,"comment_status":"closed","ping_status":"closed","template":"","meta":{"footnotes":""},"_links":{"self":[{"href":"https:\/\/www.fondazionedonatcattin.it\/index.php?rest_route=\/wp\/v2\/pages\/7665"}],"collection":[{"href":"https:\/\/www.fondazionedonatcattin.it\/index.php?rest_route=\/wp\/v2\/pages"}],"about":[{"href":"https:\/\/www.fondazionedonatcattin.it\/index.php?rest_route=\/wp\/v2\/types\/page"}],"author":[{"embeddable":true,"href":"https:\/\/www.fondazionedonatcattin.it\/index.php?rest_route=\/wp\/v2\/users\/11"}],"replies":[{"embeddable":true,"href":"https:\/\/www.fondazionedonatcattin.it\/index.php?rest_route=%2Fwp%2Fv2%2Fcomments&post=7665"}],"version-history":[{"count":1,"href":"https:\/\/www.fondazionedonatcattin.it\/index.php?rest_route=\/wp\/v2\/pages\/7665\/revisions"}],"predecessor-version":[{"id":18656,"href":"https:\/\/www.fondazionedonatcattin.it\/index.php?rest_route=\/wp\/v2\/pages\/7665\/revisions\/18656"}],"wp:attachment":[{"href":"https:\/\/www.fondazionedonatcattin.it\/index.php?rest_route=%2Fwp%2Fv2%2Fmedia&parent=7665"}],"curies":[{"name":"wp","href":"https:\/\/api.w.org\/{rel}","templated":true}]}}