{"id":7161,"date":"2021-04-29T17:10:29","date_gmt":"2021-04-29T15:10:29","guid":{"rendered":"http:\/\/www.fondazionedonatcattin.it\/?page_id=7161"},"modified":"2021-07-20T18:29:56","modified_gmt":"2021-07-20T16:29:56","slug":"attivita-20-2-3-2-2-2-3-2-3-2-4-2-3-2-2-3-2-5-2-2-3-5-2-2-3-3-2-3-3-2-3-2-2-2-2-2-2-2","status":"publish","type":"page","link":"https:\/\/www.fondazionedonatcattin.it\/?page_id=7161","title":{"rendered":"Coscienza civica e dove trovarla &#8211; 12 luglio 2021"},"content":{"rendered":"<p>[vc_row][vc_column][vc_single_image image=&#8221;7165&#8243; img_size=&#8221;full&#8221;][\/vc_column][\/vc_row][vc_row][vc_column width=&#8221;1\/6&#8243;][\/vc_column][vc_column width=&#8221;2\/3&#8243;][vc_column_text]<\/p>\n<h2><strong><span style=\"color: #993300;\">Coscienza civica e dove trovarla<br \/>\nStorie da un Italia che r-esiste<br \/>\n<\/span><\/strong><\/h2>\n<p>di <strong>Gloria Schiavi <\/strong>e<strong> Luca Rolandi<\/strong>, Neos Edizioni, 2021[\/vc_column_text][vc_column_text]<strong>Gioved\u00ec 15 luglio \u2013 ore 18:00<\/strong><br \/>\n<strong>Polo del &#8216;900, Corso Valdocco 4a, Sala conferenze<\/strong><\/p>\n<p>Ingresso in sala &#8216;900 con prenotazione obbligatoria, fino ad esaurimento posti,<br \/>\nregistrandosi al seguente link: <a href=\"https:\/\/polodel900.secure.force.com\/eventi?IdEvt=a0C6N0000004qwd\">prenotazione<\/a>[\/vc_column_text][vc_column_text]<\/p>\n<p style=\"text-align: justify;\"><img decoding=\"async\" loading=\"lazy\" class=\"wp-image-7162 alignleft\" src=\"http:\/\/www.fondazionedonatcattin.it\/wp-content\/uploads\/2021\/07\/Schiavi-Rolandi_Coscienza_COPERTINA-271x450.jpg\" alt=\"\" width=\"113\" height=\"187\" srcset=\"https:\/\/www.fondazionedonatcattin.it\/wp-content\/uploads\/2021\/07\/Schiavi-Rolandi_Coscienza_COPERTINA-271x450.jpg 271w, https:\/\/www.fondazionedonatcattin.it\/wp-content\/uploads\/2021\/07\/Schiavi-Rolandi_Coscienza_COPERTINA-617x1024.jpg 617w, https:\/\/www.fondazionedonatcattin.it\/wp-content\/uploads\/2021\/07\/Schiavi-Rolandi_Coscienza_COPERTINA-768x1274.jpg 768w, https:\/\/www.fondazionedonatcattin.it\/wp-content\/uploads\/2021\/07\/Schiavi-Rolandi_Coscienza_COPERTINA-926x1536.jpg 926w, https:\/\/www.fondazionedonatcattin.it\/wp-content\/uploads\/2021\/07\/Schiavi-Rolandi_Coscienza_COPERTINA-1234x2048.jpg 1234w, https:\/\/www.fondazionedonatcattin.it\/wp-content\/uploads\/2021\/07\/Schiavi-Rolandi_Coscienza_COPERTINA.jpg 1405w\" sizes=\"(max-width: 113px) 100vw, 113px\" \/>La Fondazione Donat-Cattin propone la presentazione del libro &#8220;Coscienza civica e dove trovarla. Storia di un\u2019Italia che r-esiste&#8221; di <strong>Gloria Schiavi<\/strong> e <strong>Luca Rolandi<\/strong>, i quali saranno presenti all\u2019evento.<br \/>\nFuori dai luoghi comuni, le espressioni vitali di coscienza civica nel nostro Paese sono tante; bisogna riconoscerle l\u00e0, dove si manifestano come empatia sociale e ambientale, sostenibilit\u00e0, riuso: piccole rivoluzioni nate dal basso che costituiscono il germe trasformativo della societ\u00e0.<\/p>\n<p>[\/vc_column_text]<div id=\"ts-vcsc-youtube-4471481\" class=\"ts-video-container  ts-video-overlay-false\"  style=\"\"><iframe class=\"ts-video-iframe\" width=\"100%\" height=\"auto\"  src=\"https:\/\/www.youtube.com\/embed\/xWAyJG7sfuU?autoplay=0&showinfo=1&controls=1&autohide=1&rel=0&loop=0&modestbranding=0&wmode=opaque\" frameborder=\"0\" webkitallowfullscreen mozallowfullscreen allowfullscreen><\/iframe><\/div>[vc_separator][vc_column_text]<\/p>\n<div>Saluti di:<\/div>\n<ul>\n<li><strong>Alessandro Bollo<\/strong>, direttore del Polo del \u2018900<\/li>\n<li><strong>Gianfranco Morgando<\/strong>, direttore della Fondazione Carlo Donat-Cattin<\/li>\n<\/ul>\n<div>Intervengono:<\/div>\n<ul>\n<li><strong>Franco Garelli<\/strong>, sociologo<\/li>\n<li><strong>Maria Adele Roggero<\/strong>, responsabile del progetto Mondi in Citt\u00e0<\/li>\n<\/ul>\n<div>\n<p>Introduce <strong>Silvia Maria Ramasso<\/strong>, l\u2019editore.<\/p>\n<p>Modera <strong>Maria Teresa Martinengo<\/strong> de <em>La Stampa.<\/em><\/p>\n<\/div>\n<p><em>Saranno presenti gli Autori<\/em><\/p>\n<div>\n<p><u>Per agevolare i controlli e le misure di sicurezza, ti chiediamo di arrivare almeno 15 minuti prima dell\u2019inizio. All\u2019ingresso ti sar\u00e0 misurata la temperatura che dovr\u00e0 essere inferiore a 37,5\u00b0 per poter partecipare.<\/u><\/p>\n<\/div>\n<p>[\/vc_column_text]<div id=\"ts-vcsc-image-gallery-4310180\" class=\"ts-image-gallery-wrapper ts-lightbox-nacho-frame   \" data-style=\"grid\" data-break-parents=\"6\" data-inline=\"false\" style=\"margin-top: 0px; margin-bottom: 0px; position: relative;\"><div id=\"ts-vcsc-image-gallery-4310180-grid\" class=\"ts-lightbox-gallery-grid\"><a style=\"width: 20%; height: 100%; display: inline-block; margin: 0; padding: 0;\" id=\"nachogroup4310180-0\" href=\"https:\/\/www.fondazionedonatcattin.it\/wp-content\/uploads\/2021\/07\/IMG_6787.jpg\" target=\"_blank\" data-thumbnail=\"https:\/\/www.fondazionedonatcattin.it\/wp-content\/uploads\/2021\/07\/IMG_6787-675x450.jpg\" data-include=\"true\" data-hover=\"\" data-title=\"\" data-groups=\"\" class=\"nch-lightbox-media no-ajaxy ts-hover-image nachogroup4310180 nofancybox\" rel=\"nachogroup4310180\" data-effect=\"random\" data-nohashes=\"true\" data-usecors=\"global\" data-share=\"1\"><img src=\"https:\/\/www.fondazionedonatcattin.it\/wp-content\/uploads\/2021\/07\/IMG_6787-675x450.jpg\" alt=\"IMG_6787-675x450\" class=\"nch-lb-makegrid\" data-no-lazy=\"1\"><\/a><a style=\"width: 20%; height: 100%; display: inline-block; margin: 0; padding: 0;\" id=\"nachogroup4310180-1\" href=\"https:\/\/www.fondazionedonatcattin.it\/wp-content\/uploads\/2021\/07\/IMG_6788.jpg\" target=\"_blank\" data-thumbnail=\"https:\/\/www.fondazionedonatcattin.it\/wp-content\/uploads\/2021\/07\/IMG_6788-675x450.jpg\" data-include=\"true\" data-hover=\"\" data-title=\"\" data-groups=\"\" class=\"nch-lightbox-media no-ajaxy ts-hover-image nachogroup4310180 nofancybox\" rel=\"nachogroup4310180\" data-effect=\"random\" data-nohashes=\"true\" data-usecors=\"global\" data-share=\"1\"><img src=\"https:\/\/www.fondazionedonatcattin.it\/wp-content\/uploads\/2021\/07\/IMG_6788-675x450.jpg\" alt=\"IMG_6788-675x450\" class=\"nch-lb-makegrid\" data-no-lazy=\"1\"><\/a><a style=\"width: 20%; height: 100%; display: inline-block; margin: 0; padding: 0;\" id=\"nachogroup4310180-2\" href=\"https:\/\/www.fondazionedonatcattin.it\/wp-content\/uploads\/2021\/07\/IMG_6784.jpg\" target=\"_blank\" data-thumbnail=\"https:\/\/www.fondazionedonatcattin.it\/wp-content\/uploads\/2021\/07\/IMG_6784-675x450.jpg\" data-include=\"true\" data-hover=\"\" data-title=\"\" data-groups=\"\" class=\"nch-lightbox-media no-ajaxy ts-hover-image nachogroup4310180 nofancybox\" rel=\"nachogroup4310180\" data-effect=\"random\" data-nohashes=\"true\" data-usecors=\"global\" data-share=\"1\"><img src=\"https:\/\/www.fondazionedonatcattin.it\/wp-content\/uploads\/2021\/07\/IMG_6784-675x450.jpg\" alt=\"IMG_6784-675x450\" class=\"nch-lb-makegrid\" data-no-lazy=\"1\"><\/a><a style=\"width: 20%; height: 100%; display: inline-block; margin: 0; padding: 0;\" id=\"nachogroup4310180-3\" href=\"https:\/\/www.fondazionedonatcattin.it\/wp-content\/uploads\/2021\/07\/IMG_6781.jpg\" target=\"_blank\" data-thumbnail=\"https:\/\/www.fondazionedonatcattin.it\/wp-content\/uploads\/2021\/07\/IMG_6781-675x450.jpg\" data-include=\"true\" data-hover=\"\" data-title=\"\" data-groups=\"\" class=\"nch-lightbox-media no-ajaxy ts-hover-image nachogroup4310180 nofancybox\" rel=\"nachogroup4310180\" data-effect=\"random\" data-nohashes=\"true\" data-usecors=\"global\" data-share=\"1\"><img src=\"https:\/\/www.fondazionedonatcattin.it\/wp-content\/uploads\/2021\/07\/IMG_6781-675x450.jpg\" alt=\"IMG_6781-675x450\" class=\"nch-lb-makegrid\" data-no-lazy=\"1\"><\/a><a style=\"width: 20%; height: 100%; display: inline-block; margin: 0; padding: 0;\" id=\"nachogroup4310180-4\" href=\"https:\/\/www.fondazionedonatcattin.it\/wp-content\/uploads\/2021\/07\/IMG_6780.jpg\" target=\"_blank\" data-thumbnail=\"https:\/\/www.fondazionedonatcattin.it\/wp-content\/uploads\/2021\/07\/IMG_6780-683x450.jpg\" data-include=\"true\" data-hover=\"\" data-title=\"\" data-groups=\"\" class=\"nch-lightbox-media no-ajaxy ts-hover-image nachogroup4310180 nofancybox\" rel=\"nachogroup4310180\" data-effect=\"random\" data-nohashes=\"true\" data-usecors=\"global\" data-share=\"1\"><img src=\"https:\/\/www.fondazionedonatcattin.it\/wp-content\/uploads\/2021\/07\/IMG_6780-683x450.jpg\" alt=\"IMG_6780-683x450\" class=\"nch-lb-makegrid\" data-no-lazy=\"1\"><\/a><a style=\"width: 20%; height: 100%; display: inline-block; margin: 0; padding: 0;\" id=\"nachogroup4310180-5\" href=\"https:\/\/www.fondazionedonatcattin.it\/wp-content\/uploads\/2021\/07\/IMG_6768.jpg\" target=\"_blank\" data-thumbnail=\"https:\/\/www.fondazionedonatcattin.it\/wp-content\/uploads\/2021\/07\/IMG_6768-675x450.jpg\" data-include=\"true\" data-hover=\"\" data-title=\"\" data-groups=\"\" class=\"nch-lightbox-media no-ajaxy ts-hover-image nachogroup4310180 nofancybox\" rel=\"nachogroup4310180\" data-effect=\"random\" data-nohashes=\"true\" data-usecors=\"global\" data-share=\"1\"><img src=\"https:\/\/www.fondazionedonatcattin.it\/wp-content\/uploads\/2021\/07\/IMG_6768-675x450.jpg\" alt=\"IMG_6768-675x450\" class=\"nch-lb-makegrid\" data-no-lazy=\"1\"><\/a><a style=\"width: 20%; height: 100%; display: inline-block; margin: 0; padding: 0;\" id=\"nachogroup4310180-6\" href=\"https:\/\/www.fondazionedonatcattin.it\/wp-content\/uploads\/2021\/07\/IMG_6776.jpg\" target=\"_blank\" data-thumbnail=\"https:\/\/www.fondazionedonatcattin.it\/wp-content\/uploads\/2021\/07\/IMG_6776-675x450.jpg\" data-include=\"true\" data-hover=\"\" data-title=\"\" data-groups=\"\" class=\"nch-lightbox-media no-ajaxy ts-hover-image nachogroup4310180 nofancybox\" rel=\"nachogroup4310180\" data-effect=\"random\" data-nohashes=\"true\" data-usecors=\"global\" data-share=\"1\"><img src=\"https:\/\/www.fondazionedonatcattin.it\/wp-content\/uploads\/2021\/07\/IMG_6776-675x450.jpg\" alt=\"IMG_6776-675x450\" class=\"nch-lb-makegrid\" data-no-lazy=\"1\"><\/a><a style=\"width: 20%; height: 100%; display: inline-block; margin: 0; padding: 0;\" id=\"nachogroup4310180-7\" href=\"https:\/\/www.fondazionedonatcattin.it\/wp-content\/uploads\/2021\/07\/IMG_6775.jpg\" target=\"_blank\" data-thumbnail=\"https:\/\/www.fondazionedonatcattin.it\/wp-content\/uploads\/2021\/07\/IMG_6775-675x450.jpg\" data-random=\"4310180\" data-include=\"true\" data-hover=\"\" data-title=\"\" data-groups=\"\" class=\"nch-lightbox-media no-ajaxy ts-hover-image nachogroup4310180 nofancybox\" rel=\"nachogroup4310180\" data-effect=\"random\" data-usecors=\"global\" data-share=\"1\" data-play=\"1\" data-autoplay=\"0\" data-duration=\"5000\" data-thumbsize=\"100\" data-thumbs=\"bottom\"  data-nohashes=\"true\" data-captions=\"true\" data-grid=\"240,480,720,960\" data-gridspace=\"2\" data-gridorder=\"false\" data-gridfilter=\"true\" data-gridavailable=\"Available Groups\" data-gridselected=\"Filtered Groups\" data-gridnogroups=\"No Groups\" data-gridtoggle=\"Toggle Filter\" data-gridtogglestyle=\"ts-color-button-belize-hole-flat\" data-gridshowall=\"Show All\" data-gridshowallstyle=\"ts-color-button-green-sea-flat\"><img src=\"https:\/\/www.fondazionedonatcattin.it\/wp-content\/uploads\/2021\/07\/IMG_6775-675x450.jpg\" alt=\"IMG_6775-675x450\" class=\"nch-lb-makegrid\" data-no-lazy=\"1\"><\/a><\/div><\/div>[\/vc_column][vc_column width=&#8221;1\/6&#8243;][\/vc_column][\/vc_row]<\/p>\n","protected":false},"excerpt":{"rendered":"<p>[vc_row][vc_column][vc_single_image image=&#8221;7165&#8243; img_size=&#8221;full&#8221;][\/vc_column][\/vc_row][vc_row][vc_column width=&#8221;1\/6&#8243;][\/vc_column][vc_column width=&#8221;2\/3&#8243;][vc_column_text] Coscienza civica e dove trovarla Storie da un Italia che r-esiste di Gloria Schiavi e Luca Rolandi, Neos Edizioni, 2021[\/vc_column_text][vc_column_text]Gioved\u00ec 15 luglio \u2013 ore 18:00 Polo del &#8216;900, Corso Valdocco 4a, Sala conferenze Ingresso in sala &#8216;900 con prenotazione obbligatoria, fino ad esaurimento posti, registrandosi al seguente link: prenotazione[\/vc_column_text][vc_column_text] La [&hellip;]<\/p>\n","protected":false},"author":11,"featured_media":0,"parent":0,"menu_order":0,"comment_status":"closed","ping_status":"closed","template":"","meta":{"footnotes":""},"_links":{"self":[{"href":"https:\/\/www.fondazionedonatcattin.it\/index.php?rest_route=\/wp\/v2\/pages\/7161"}],"collection":[{"href":"https:\/\/www.fondazionedonatcattin.it\/index.php?rest_route=\/wp\/v2\/pages"}],"about":[{"href":"https:\/\/www.fondazionedonatcattin.it\/index.php?rest_route=\/wp\/v2\/types\/page"}],"author":[{"embeddable":true,"href":"https:\/\/www.fondazionedonatcattin.it\/index.php?rest_route=\/wp\/v2\/users\/11"}],"replies":[{"embeddable":true,"href":"https:\/\/www.fondazionedonatcattin.it\/index.php?rest_route=%2Fwp%2Fv2%2Fcomments&post=7161"}],"version-history":[{"count":0,"href":"https:\/\/www.fondazionedonatcattin.it\/index.php?rest_route=\/wp\/v2\/pages\/7161\/revisions"}],"wp:attachment":[{"href":"https:\/\/www.fondazionedonatcattin.it\/index.php?rest_route=%2Fwp%2Fv2%2Fmedia&parent=7161"}],"curies":[{"name":"wp","href":"https:\/\/api.w.org\/{rel}","templated":true}]}}