{"id":6266,"date":"2021-03-07T14:00:28","date_gmt":"2021-03-07T13:00:28","guid":{"rendered":"http:\/\/www.fondazionedonatcattin.it\/?page_id=6266"},"modified":"2026-03-27T08:06:23","modified_gmt":"2026-03-27T07:06:23","slug":"il-nostro-lavoro-al-tempo-del-covid-19-5-2","status":"publish","type":"page","link":"https:\/\/www.fondazionedonatcattin.it\/?page_id=6266","title":{"rendered":"Eventi e attivit\u00e0 2019"},"content":{"rendered":"<p>[vc_row][vc_column][vc_column_text el_class=&#8221;titolo-pagina&#8221;]<\/p>\n<h2><\/h2>\n<p>[\/vc_column_text][vc_single_image image=&#8221;2598&#8243; img_size=&#8221;full&#8221; style=&#8221;vc_box_shadow_3d&#8221; css_animation=&#8221;none&#8221;][\/vc_column][\/vc_row][vc_row][vc_column][vc_column_text]<\/p>\n<h4>Eventi e attivit\u00e0 2019<\/h4>\n<p>[\/vc_column_text][vc_column_text]Convegni, Dibattiti, Didattica, Eventi, Incontri con gli autori, Letture, Memoria, Mostre, Pubblicazioni, Ricerche, Seminari, Spettacoli.[\/vc_column_text][vc_column_text]<a href=\"\/?page_id=18617\">2026<\/a>&#8211; <a href=\"\/?page_id=17214\">2025<\/a> &#8211; <a href=\"\/?page_id=15679\">2024<\/a> &#8211; <a href=\"\/?page_id=13504\">2023<\/a> &#8211; <a href=\"\/?page_id=10056\">2022<\/a> &#8211; <a href=\"\/?page_id=7665\">2021<\/a> &#8211; <a href=\"\/?page_id=6237\">2020<\/a> &#8211; <a href=\"\/?page_id=6266\"><strong>2019<\/strong><\/a> &#8211; <a href=\"\/?page_id=7382\">2018<\/a> &#8211; <a href=\"\/?page_id=7467\">2017<\/a> &#8211; <a href=\"\/?page_id=7561\">2016<\/a> &#8211; <a href=\"\/?page_id=11391\">2015<\/a> &#8211; <a href=\"\/?page_id=11443\">2014<\/a> &#8211; <a href=\"\/?page_id=11559\">2013<\/a> &#8211; <a href=\"\/?page_id=11465\">2012<\/a> &#8211; <a href=\"\/?page_id=11585\">2011<\/a> &#8211; <a href=\"\/?page_id=11704\">2010<\/a> &#8211; <a href=\"\/?page_id=11784\">2009<\/a> &#8211; <a href=\"\/?page_id=11386\">2008<\/a> &#8211; <a href=\"\/?page_id=11956\">2007<\/a> &#8211; <a href=\"\/?page_id=11960\">2006<\/a>[\/vc_column_text][\/vc_column][\/vc_row][vc_row gap=&#8221;10&#8243;][vc_column width=&#8221;1\/5&#8243; css=&#8221;.vc_custom_1628803137988{padding-top: 15px !important;background-color: #f4f4f4 !important;border-radius: 5px !important;}&#8221;][vc_single_image image=&#8221;7308&#8243; img_size=&#8221;600&#215;340&#8243; css=&#8221;.vc_custom_1631720137664{margin-bottom: 0px !important;}&#8221;][vc_column_text]<\/p>\n<h5><strong>\u25a9 CONVEGNI<br \/>\n<\/strong><\/h5>\n<p>[\/vc_column_text][vc_custom_heading text=&#8221;26 gennaio 2019&#8243; font_container=&#8221;tag:h3|text_align:left&#8221; use_theme_fonts=&#8221;yes&#8221; css=&#8221;.vc_custom_1631686948862{margin-bottom: 10px !important;}&#8221;][vc_column_text]Il 18 gennaio del 1919, dall\u2019albergo Santa Chiara in Roma, veniva diffuso l\u2019appello \u201cAi liberi e forti\u201d, il manifesto programmatico che costituisce l\u2019atto di fondazione del <strong>Partito Popolare Italiano<\/strong>.[\/vc_column_text][vc_btn title=&#8221;leggi tutto&#8221; shape=&#8221;square&#8221; color=&#8221;white&#8221; size=&#8221;xs&#8221; i_type=&#8221;typicons&#8221; i_icon_typicons=&#8221;typcn typcn-document-text&#8221; add_icon=&#8221;true&#8221; link=&#8221;url:http%3A%2F%2Fwww.fondazionedonatcattin.it%2F%3Fpage_id%3D2312||target:%20_blank|&#8221;][\/vc_column][vc_column width=&#8221;1\/5&#8243; css=&#8221;.vc_custom_1631718213149{padding-top: 15px !important;background-color: #f4f4f4 !important;border-radius: 5px !important;}&#8221;][vc_single_image image=&#8221;7805&#8243; img_size=&#8221;600&#215;340&#8243; css=&#8221;.vc_custom_1631720146107{margin-bottom: 0px !important;}&#8221;][vc_column_text]<\/p>\n<h5><strong>\u25a9 CONVEGNI<br \/>\n<\/strong><\/h5>\n<p>[\/vc_column_text][vc_custom_heading text=&#8221;1 marzo 2019&#8243; font_container=&#8221;tag:h3|text_align:left&#8221; use_theme_fonts=&#8221;yes&#8221; css=&#8221;.vc_custom_1631690992608{margin-bottom: 10px !important;}&#8221;][vc_column_text]Per ricordare il <strong>Centenario della nascita del Partito Popolare<\/strong>. Alberto Guasco e Alessandro Risso, approfondiranno il tema del rapporto tra i cattolici e il fascismo.[\/vc_column_text][vc_btn title=&#8221;leggi tutto&#8221; shape=&#8221;square&#8221; color=&#8221;white&#8221; size=&#8221;xs&#8221; i_type=&#8221;typicons&#8221; i_icon_typicons=&#8221;typcn typcn-document-text&#8221; add_icon=&#8221;true&#8221; link=&#8221;url:http%3A%2F%2Fwww.fondazionedonatcattin.it%2F%3Fpage_id%3D2739|||&#8221;][\/vc_column][vc_column width=&#8221;1\/5&#8243; css=&#8221;.vc_custom_1628803154171{padding-top: 15px !important;background-color: #f4f4f4 !important;border-radius: 5px !important;}&#8221;][vc_video link=&#8221;https:\/\/youtu.be\/pE3BuDkf95s&#8221; css=&#8221;.vc_custom_1631720155887{margin-bottom: 0px !important;}&#8221;][vc_column_text]<\/p>\n<h5><strong>\u25a9 EVENTI<br \/>\n<\/strong><\/h5>\n<p>[\/vc_column_text][vc_custom_heading text=&#8221;Roma, 14 marzo 2019&#8243; font_container=&#8221;tag:h3|text_align:left&#8221; use_theme_fonts=&#8221;yes&#8221; css=&#8221;.vc_custom_1631686961656{margin-bottom: 10px !important;}&#8221;][vc_column_text]Alla presenza del Presidente della Repubblica, Sergio Mattarella, nella Sala Koch di Palazzo Madama si \u00e8 svolto il convegno<strong> &#8220;Carlo Donat-Cattin. Uomo di governo e leader DC (1919-2019)&#8221;<\/strong>.[\/vc_column_text][vc_btn title=&#8221;leggi tutto&#8221; shape=&#8221;square&#8221; color=&#8221;white&#8221; size=&#8221;xs&#8221; i_type=&#8221;typicons&#8221; i_icon_typicons=&#8221;typcn typcn-document-text&#8221; add_icon=&#8221;true&#8221; link=&#8221;url:http%3A%2F%2Fwww.fondazionedonatcattin.it%2F%3Fpage_id%3D2875||target:%20_blank|&#8221;][\/vc_column][vc_column width=&#8221;1\/5&#8243; css=&#8221;.vc_custom_1628803199865{padding-top: 15px !important;background-color: #f4f4f4 !important;border-radius: 5px !important;}&#8221;][vc_single_image image=&#8221;2995&#8243; img_size=&#8221;600&#215;340&#8243; css=&#8221;.vc_custom_1631720171158{margin-bottom: 0px !important;}&#8221;][vc_column_text]<\/p>\n<h5><strong>\u25a9 INCONTRI CON GLI AUTORI<br \/>\n<\/strong><\/h5>\n<p>[\/vc_column_text][vc_custom_heading text=&#8221;22 marzo 2019&#8243; font_container=&#8221;tag:h3|text_align:left&#8221; use_theme_fonts=&#8221;yes&#8221; css=&#8221;.vc_custom_1631691848510{margin-bottom: 10px !important;}&#8221;][vc_column_text]<strong>Una economia diversa e possibile<\/strong>, di Daniele Ciravegna, \u00e8 un poderoso compendio della Dottrina Sociale della Chiesa che viene riletta nella prospettiva della elaborazione di un nuovo progetto economico e sociale.[\/vc_column_text][vc_btn title=&#8221;leggi tutto&#8221; shape=&#8221;square&#8221; color=&#8221;white&#8221; size=&#8221;xs&#8221; i_type=&#8221;typicons&#8221; i_icon_typicons=&#8221;typcn typcn-document-text&#8221; add_icon=&#8221;true&#8221; link=&#8221;url:http%3A%2F%2Fwww.fondazionedonatcattin.it%2F%3Fpage_id%3D2994||target:%20_blank|&#8221;][\/vc_column][vc_column width=&#8221;1\/5&#8243; css=&#8221;.vc_custom_1628803173905{padding-top: 15px !important;background-color: #f4f4f4 !important;border-radius: 5px !important;}&#8221;][vc_video link=&#8221;https:\/\/youtu.be\/a62awgAMw7s&#8221; css=&#8221;.vc_custom_1631720180268{margin-bottom: 0px !important;}&#8221;][vc_column_text]<\/p>\n<h5><strong>\u25a9 EVENTI<br \/>\n<\/strong><\/h5>\n<p>[\/vc_column_text][vc_custom_heading text=&#8221;Torino, 13 aprile 2019&#8243; font_container=&#8221;tag:h3|text_align:left&#8221; use_theme_fonts=&#8221;yes&#8221; css=&#8221;.vc_custom_1631686971046{margin-bottom: 10px !important;}&#8221;][vc_column_text]<strong>Carlo Donat-Cattin, dalla Resistenza a uomo di Stato.<\/strong> Itinerario giornalistico, sindacale e politico.<br \/>\nCon proiezione del documentario di Rai storia: Carlo Donat-Cattin \u2013 Il coraggio della politica.[\/vc_column_text][vc_btn title=&#8221;leggi tutto&#8221; shape=&#8221;square&#8221; color=&#8221;white&#8221; size=&#8221;xs&#8221; i_type=&#8221;typicons&#8221; i_icon_typicons=&#8221;typcn typcn-document-text&#8221; add_icon=&#8221;true&#8221; link=&#8221;url:http%3A%2F%2Fwww.fondazionedonatcattin.it%2F%3Fpage_id%3D27||target:%20_blank|&#8221;][\/vc_column][\/vc_row][vc_row gap=&#8221;10&#8243;][vc_column width=&#8221;1\/5&#8243; css=&#8221;.vc_custom_1631686324437{background-color: #f4f4f4 !important;border-radius: 5px !important;}&#8221;][vc_single_image image=&#8221;7817&#8243; img_size=&#8221;600&#215;340&#8243; css=&#8221;.vc_custom_1631703551491{margin-bottom: 0px !important;}&#8221;][vc_column_text]<\/p>\n<h5><strong>\u25a9 MOSTRA<br \/>\n<\/strong><\/h5>\n<p>[\/vc_column_text][vc_custom_heading text=&#8221;18 aprile 2019&#8243; font_container=&#8221;tag:h3|text_align:left&#8221; use_theme_fonts=&#8221;yes&#8221; css=&#8221;.vc_custom_1631703739397{margin-bottom: 10px !important;}&#8221;][vc_column_text]<strong>La Gazzetta del Popolo.<\/strong><br \/>\n<strong>135 anni tra storia, giornalismo e cultura<\/strong><br \/>\nMostra storica sulla Gazzetta del Popolo, il quotidiano torinese che per 135 anni, dal 1848 al 1983, ha raccontato l\u2019attualit\u00e0 italiana.[\/vc_column_text][vc_btn title=&#8221;leggi tutto&#8221; shape=&#8221;square&#8221; color=&#8221;white&#8221; size=&#8221;xs&#8221; i_type=&#8221;typicons&#8221; i_icon_typicons=&#8221;typcn typcn-document-text&#8221; add_icon=&#8221;true&#8221; link=&#8221;url:http%3A%2F%2Fwww.fondazionedonatcattin.it%2F%3Fpage_id%3D2907||target:%20_blank|&#8221;][\/vc_column][vc_column width=&#8221;1\/5&#8243; css=&#8221;.vc_custom_1628803243082{background-color: #f4f4f4 !important;border-radius: 5px !important;}&#8221;][vc_single_image image=&#8221;7814&#8243; img_size=&#8221;600&#215;340&#8243; css=&#8221;.vc_custom_1631697752553{margin-bottom: 0px !important;}&#8221;][vc_column_text]<\/p>\n<h5><strong>\u25a9 INCONTRI CON GLI AUTORI<br \/>\n<\/strong><\/h5>\n<p>[\/vc_column_text][vc_custom_heading text=&#8221;3 maggio 2019&#8243; font_container=&#8221;tag:h3|text_align:left&#8221; use_theme_fonts=&#8221;yes&#8221; css=&#8221;.vc_custom_1631698120634{margin-bottom: 10px !important;}&#8221;][vc_column_text]<strong>Oltre il \u201968 \u2013 Due educatori in viaggio nella provvisoria reale utopia, dalla segregazione all\u2019integrazione sociale.<\/strong> L&#8217;eredit\u00e0 di ideali e utopia nella realt\u00e0 quotidiana dell\u2019esercizio di buone pratiche.[\/vc_column_text][vc_btn title=&#8221;leggi tutto&#8221; shape=&#8221;square&#8221; color=&#8221;white&#8221; size=&#8221;xs&#8221; i_type=&#8221;typicons&#8221; i_icon_typicons=&#8221;typcn typcn-document-text&#8221; add_icon=&#8221;true&#8221; link=&#8221;url:http%3A%2F%2Fwww.fondazionedonatcattin.it%2F%3Fpage_id%3D2975||target:%20_blank|&#8221;][\/vc_column][vc_column width=&#8221;1\/5&#8243; css=&#8221;.vc_custom_1628803278584{background-color: #f4f4f4 !important;border-radius: 5px !important;}&#8221;][vc_single_image image=&#8221;7817&#8243; img_size=&#8221;600&#215;340&#8243; css=&#8221;.vc_custom_1631703551491{margin-bottom: 0px !important;}&#8221;][vc_column_text]<\/p>\n<h5><strong>\u25a9 CONVEGNO<br \/>\n<\/strong><\/h5>\n<p>[\/vc_column_text][vc_custom_heading text=&#8221;6 maggio 2019&#8243; font_container=&#8221;tag:h3|text_align:left&#8221; use_theme_fonts=&#8221;yes&#8221; css=&#8221;.vc_custom_1631703774418{margin-bottom: 10px !important;}&#8221;][vc_column_text]<strong>Liberi di informare.<\/strong><br \/>\nLa storia di uno dei pi\u00f9 importanti quotidiani italiani, la forte capacit\u00e0 innovativa e il ruolo svolto nella societ\u00e0 piemontese e italiana dal 1848 fino agli anni ottanta del &#8216;900.[\/vc_column_text][vc_btn title=&#8221;leggi tutto&#8221; shape=&#8221;square&#8221; color=&#8221;white&#8221; size=&#8221;xs&#8221; i_type=&#8221;typicons&#8221; i_icon_typicons=&#8221;typcn typcn-document-text&#8221; add_icon=&#8221;true&#8221; link=&#8221;url:http%3A%2F%2Fwww.fondazionedonatcattin.it%2F%3Fpage_id%3D2978||target:%20_blank|&#8221;][\/vc_column][vc_column width=&#8221;1\/5&#8243; css=&#8221;.vc_custom_1628803261182{background-color: #f4f4f4 !important;border-radius: 5px !important;}&#8221;][vc_single_image image=&#8221;7823&#8243; img_size=&#8221;600&#215;340&#8243; css=&#8221;.vc_custom_1631704866366{margin-bottom: 0px !important;}&#8221;][vc_column_text]<\/p>\n<h5><strong>\u25a9 CONVEGNO<br \/>\n<\/strong><\/h5>\n<p>[\/vc_column_text][vc_custom_heading text=&#8221;10 maggio 2019&#8243; font_container=&#8221;tag:h3|text_align:left&#8221; use_theme_fonts=&#8221;yes&#8221; css=&#8221;.vc_custom_1631704922156{margin-bottom: 10px !important;}&#8221;][vc_column_text]<strong>La stampa cattolica piemontese nella Prima Guerra Mondiale.<\/strong> Il dilemma della Chiesa tra neutralismo e interventismo<br \/>\nRelatori: Bartolo Gariglio e Gianfranco Morgando[\/vc_column_text][vc_btn title=&#8221;leggi tutto&#8221; shape=&#8221;square&#8221; color=&#8221;white&#8221; size=&#8221;xs&#8221; i_type=&#8221;typicons&#8221; i_icon_typicons=&#8221;typcn typcn-document-text&#8221; add_icon=&#8221;true&#8221; link=&#8221;url:http%3A%2F%2Fwww.fondazionedonatcattin.it%2F%3Fpage_id%3D2981||target:%20_blank|&#8221;][\/vc_column][vc_column width=&#8221;1\/5&#8243; css=&#8221;.vc_custom_1628803229255{background-color: #f4f4f4 !important;border-radius: 5px !important;}&#8221;][vc_single_image image=&#8221;7827&#8243; img_size=&#8221;600&#215;340&#8243; css=&#8221;.vc_custom_1631705497874{margin-bottom: 0px !important;}&#8221;][vc_column_text]<\/p>\n<h5><strong>\u25a9 INCONTRI CON GLI AUTORI<br \/>\n<\/strong><\/h5>\n<p>[\/vc_column_text][vc_custom_heading text=&#8221;11 maggio 2019&#8243; font_container=&#8221;tag:h3|text_align:left&#8221; use_theme_fonts=&#8221;yes&#8221; css=&#8221;.vc_custom_1631705087125{margin-bottom: 10px !important;}&#8221;][vc_column_text]<strong>Sandro Fontana. L\u2019anticonformista popolare<\/strong><br \/>\nLa sua figura ha caratterizzato una fase importante della storia della sinistra democristiana lombarda e nazionale.[\/vc_column_text][vc_btn title=&#8221;leggi tutto&#8221; shape=&#8221;square&#8221; color=&#8221;white&#8221; size=&#8221;xs&#8221; i_type=&#8221;typicons&#8221; i_icon_typicons=&#8221;typcn typcn-document-text&#8221; add_icon=&#8221;true&#8221; link=&#8221;url:http%3A%2F%2Fwww.fondazionedonatcattin.it%2F%3Fpage_id%3D2985||target:%20_blank|&#8221;][\/vc_column][\/vc_row][vc_row gap=&#8221;10&#8243;][vc_column width=&#8221;1\/5&#8243; css=&#8221;.vc_custom_1628803229255{background-color: #f4f4f4 !important;border-radius: 5px !important;}&#8221;][vc_single_image image=&#8221;7318&#8243; img_size=&#8221;600&#215;340&#8243; css=&#8221;.vc_custom_1628801023432{margin-bottom: 0px !important;}&#8221;][vc_column_text]<\/p>\n<h5><strong>\u25a9 EVENTI<br \/>\n<\/strong><\/h5>\n<p>[\/vc_column_text][vc_custom_heading text=&#8221;21 maggio 2019&#8243; font_container=&#8221;tag:h3|text_align:left&#8221; use_theme_fonts=&#8221;yes&#8221; css=&#8221;.vc_custom_1631687007849{margin-bottom: 10px !important;}&#8221;][vc_column_text]<strong>Libano, il Medioriente in un fazzoletto di terra<\/strong>. La situazione dei campi profughi palestinesi, in cui si sono insediati anche i profughi siriani, scappati dalla guerra civile, con storie e racconti di riscatto e dignit\u00e0.[\/vc_column_text][vc_btn title=&#8221;leggi tutto&#8221; shape=&#8221;square&#8221; color=&#8221;white&#8221; size=&#8221;xs&#8221; i_type=&#8221;typicons&#8221; i_icon_typicons=&#8221;typcn typcn-document-text&#8221; add_icon=&#8221;true&#8221; link=&#8221;url:http%3A%2F%2Fwww.fondazionedonatcattin.it%2F%3Fpage_id%3D2989||target:%20_blank|&#8221;][\/vc_column][vc_column width=&#8221;1\/5&#8243; css=&#8221;.vc_custom_1628803243082{background-color: #f4f4f4 !important;border-radius: 5px !important;}&#8221;][vc_single_image image=&#8221;7833&#8243; img_size=&#8221;600&#215;340&#8243; css=&#8221;.vc_custom_1631712997889{margin-bottom: 0px !important;}&#8221;][vc_column_text]<\/p>\n<h5><strong>\u25a9 INCONTRI CON GLI AUTORI<br \/>\n<\/strong><\/h5>\n<p>[\/vc_column_text][vc_custom_heading text=&#8221;14 giugno 2019&#8243; font_container=&#8221;tag:h3|text_align:left&#8221; use_theme_fonts=&#8221;yes&#8221; css=&#8221;.vc_custom_1631713039866{margin-bottom: 10px !important;}&#8221;][vc_column_text]<strong>Martini. Gli anni della formazione (1927-1962)<\/strong>. Questo volume del prof. Alberto Guasco ricostruisce i primi anni della formazione di Carlo Maria Martini[\/vc_column_text][vc_btn title=&#8221;leggi tutto&#8221; shape=&#8221;square&#8221; color=&#8221;white&#8221; size=&#8221;xs&#8221; i_type=&#8221;typicons&#8221; i_icon_typicons=&#8221;typcn typcn-document-text&#8221; add_icon=&#8221;true&#8221; link=&#8221;url:http%3A%2F%2Fwww.fondazionedonatcattin.it%2F%3Fpage_id%3D2969||target:%20_blank|&#8221;][\/vc_column][vc_column width=&#8221;1\/5&#8243; css=&#8221;.vc_custom_1631686324437{background-color: #f4f4f4 !important;border-radius: 5px !important;}&#8221;][vc_single_image image=&#8221;7323&#8243; img_size=&#8221;600&#215;340&#8243; css=&#8221;.vc_custom_1631720015919{margin-bottom: 0px !important;}&#8221;][vc_column_text]<\/p>\n<h5><strong>\u25a9 EVENTI<br \/>\n<\/strong><\/h5>\n<p>[\/vc_column_text][vc_custom_heading text=&#8221;Finale Ligure, 15 giugno&#8221; font_container=&#8221;tag:h3|text_align:left&#8221; use_theme_fonts=&#8221;yes&#8221; css=&#8221;.vc_custom_1631716922486{margin-bottom: 10px !important;}&#8221;][vc_column_text]<strong>Terzo incontro nel centenario della nascita di Carlo Donat-Cattin.<\/strong> Finale \u00e8 stata la citt\u00e0 delle radici, a cui ritornare ogni estate, in cui coltivare amicizie e riflessioni. Un legame forte, che non poteva non essere ricordato<strong>.<\/strong>[\/vc_column_text][vc_btn title=&#8221;leggi tutto&#8221; shape=&#8221;square&#8221; color=&#8221;white&#8221; size=&#8221;xs&#8221; i_type=&#8221;typicons&#8221; i_icon_typicons=&#8221;typcn typcn-document-text&#8221; add_icon=&#8221;true&#8221; link=&#8221;url:http%3A%2F%2Fwww.fondazionedonatcattin.it%2F%3Fpage_id%3D2972|||&#8221;][\/vc_column][vc_column width=&#8221;1\/5&#8243; css=&#8221;.vc_custom_1628803278584{background-color: #f4f4f4 !important;border-radius: 5px !important;}&#8221;][vc_single_image image=&#8221;7835&#8243; img_size=&#8221;600&#215;340&#8243; css=&#8221;.vc_custom_1631713327033{margin-bottom: 0px !important;}&#8221;][vc_column_text]<\/p>\n<h5><strong>\u25a9 INCONTRI CON GLI AUTORI<br \/>\n<\/strong><\/h5>\n<p>[\/vc_column_text][vc_custom_heading text=&#8221;9 settembre 2019&#8243; font_container=&#8221;tag:h3|text_align:left&#8221; use_theme_fonts=&#8221;yes&#8221; css=&#8221;.vc_custom_1631713361268{margin-bottom: 10px !important;}&#8221;][vc_column_text]<strong>Gaetano Scirea. Il Gentiluomo.<\/strong> Mundial in Spagna nell\u201982, tanti scudetti e tante coppe, mai espulso pur giocando in difesa, da libero. Un giocatore esemplare, perfetto, corretto.[\/vc_column_text][vc_btn title=&#8221;leggi tutto&#8221; shape=&#8221;square&#8221; color=&#8221;white&#8221; size=&#8221;xs&#8221; i_type=&#8221;typicons&#8221; i_icon_typicons=&#8221;typcn typcn-document-text&#8221; add_icon=&#8221;true&#8221; link=&#8221;url:http%3A%2F%2Fwww.fondazionedonatcattin.it%2F%3Fpage_id%3D3169||target:%20_blank|&#8221;][\/vc_column][vc_column width=&#8221;1\/5&#8243; css=&#8221;.vc_custom_1628803261182{background-color: #f4f4f4 !important;border-radius: 5px !important;}&#8221;][vc_single_image image=&#8221;3327&#8243; img_size=&#8221;600&#215;340&#8243; css=&#8221;.vc_custom_1631713590412{margin-bottom: 0px !important;}&#8221;][vc_column_text]<\/p>\n<h5><strong>\u25a9 CONVEGNI<br \/>\n<\/strong><\/h5>\n<p>[\/vc_column_text][vc_custom_heading text=&#8221;3 ottobre 2019&#8243; font_container=&#8221;tag:h3|text_align:left&#8221; use_theme_fonts=&#8221;yes&#8221; css=&#8221;.vc_custom_1631713659051{margin-bottom: 10px !important;}&#8221;][vc_column_text]<strong>Primo Levi plurale &#8211; giornata di studi.<\/strong><br \/>\nPrimo Levi e la visione universalistica dello sterminio nell\u2019ottica del cattolicesimo sociale[\/vc_column_text][vc_btn title=&#8221;leggi tutto&#8221; shape=&#8221;square&#8221; color=&#8221;white&#8221; size=&#8221;xs&#8221; i_type=&#8221;typicons&#8221; i_icon_typicons=&#8221;typcn typcn-document-text&#8221; add_icon=&#8221;true&#8221; link=&#8221;url:http%3A%2F%2Fwww.fondazionedonatcattin.it%2F%3Fpage_id%3D3326||target:%20_blank|&#8221;][\/vc_column][\/vc_row][vc_row gap=&#8221;10&#8243;][vc_column width=&#8221;1\/5&#8243; css=&#8221;.vc_custom_1628803229255{background-color: #f4f4f4 !important;border-radius: 5px !important;}&#8221;][vc_single_image image=&#8221;4411&#8243; img_size=&#8221;600&#215;340&#8243; css=&#8221;.vc_custom_1631713832286{margin-bottom: 0px !important;}&#8221;][vc_column_text]<\/p>\n<h5><strong>\u25a9 INCONTRI CON GLI AUTORI<br \/>\n<\/strong><\/h5>\n<p>[\/vc_column_text][vc_custom_heading text=&#8221;14 ottobre 2019&#8243; font_container=&#8221;tag:h3|text_align:left&#8221; use_theme_fonts=&#8221;yes&#8221; css=&#8221;.vc_custom_1631713912677{margin-bottom: 10px !important;}&#8221;][vc_column_text]<strong>Tina Anselmi.<\/strong><br \/>\n<strong>La donna della democrazia.<\/strong><br \/>\nUna donna solare, capace di affrontare con competenza e responsabilit\u00e0, di operare per lo sviluppo democratico del Paese.[\/vc_column_text][vc_btn title=&#8221;leggi tutto&#8221; shape=&#8221;square&#8221; color=&#8221;white&#8221; size=&#8221;xs&#8221; i_type=&#8221;typicons&#8221; i_icon_typicons=&#8221;typcn typcn-document-text&#8221; add_icon=&#8221;true&#8221; link=&#8221;url:http%3A%2F%2Fwww.fondazionedonatcattin.it%2F%3Fpage_id%3D3332|title:2019%20%E2%80%93%2014%20ottobre%20%E2%80%93%20Tina%20Anselmi|target:%20_blank|&#8221;][\/vc_column][vc_column width=&#8221;1\/5&#8243; css=&#8221;.vc_custom_1628803243082{background-color: #f4f4f4 !important;border-radius: 5px !important;}&#8221;][vc_single_image image=&#8221;3556&#8243; img_size=&#8221;600&#215;340&#8243; css=&#8221;.vc_custom_1628804102311{margin-bottom: 0px !important;}&#8221;][vc_column_text]<\/p>\n<h5><strong>\u25a9 CONVEGNI<br \/>\n<\/strong><\/h5>\n<p>[\/vc_column_text][vc_custom_heading text=&#8221;19 ottobre 2019&#8243; font_container=&#8221;tag:h3|text_align:left&#8221; use_theme_fonts=&#8221;yes&#8221; css=&#8221;.vc_custom_1631687017101{margin-bottom: 10px !important;}&#8221;][vc_column_text]<strong>1989 nell\u2019Europa orientale tra dissenso e ricostruzione democratica &#8211; Chiese, societ\u00e0 e politica nella trasformazione dell\u2019Est europeo.<\/strong> I fatti a trent\u2019anni dalla caduta del Muro di Berlino.[\/vc_column_text][vc_btn title=&#8221;leggi tutto&#8221; shape=&#8221;square&#8221; color=&#8221;white&#8221; size=&#8221;xs&#8221; i_type=&#8221;typicons&#8221; i_icon_typicons=&#8221;typcn typcn-document-text&#8221; add_icon=&#8221;true&#8221; link=&#8221;url:http%3A%2F%2Fwww.fondazionedonatcattin.it%2F%3Fpage_id%3D3166||target:%20_blank|&#8221;][\/vc_column][vc_column width=&#8221;1\/5&#8243; css=&#8221;.vc_custom_1628803278584{background-color: #f4f4f4 !important;border-radius: 5px !important;}&#8221;][vc_single_image image=&#8221;7346&#8243; img_size=&#8221;600&#215;340&#8243; css=&#8221;.vc_custom_1628805539276{margin-bottom: 0px !important;}&#8221;][vc_column_text]<\/p>\n<h5><strong>\u25a9 CONVEGNI<br \/>\n<\/strong><\/h5>\n<p>[\/vc_column_text][vc_custom_heading text=&#8221;26 ottobre 2019&#8243; font_container=&#8221;tag:h3|text_align:left&#8221; use_theme_fonts=&#8221;yes&#8221; css=&#8221;.vc_custom_1631687028416{margin-bottom: 10px !important;}&#8221;][vc_column_text]<strong>1969: la stagione del cambiamento.<\/strong> Profili politici e sociali. Un crinale della storia d\u2019Italia. Protagonisti e testimoni. La spinta dell\u2019Autunno. Cinque milioni di lavoratori. Dalle tute blu al mondo digitale[\/vc_column_text][vc_btn title=&#8221;leggi tutto&#8221; shape=&#8221;square&#8221; color=&#8221;white&#8221; size=&#8221;xs&#8221; i_type=&#8221;typicons&#8221; i_icon_typicons=&#8221;typcn typcn-document-text&#8221; add_icon=&#8221;true&#8221; link=&#8221;url:http%3A%2F%2Fwww.fondazionedonatcattin.it%2F%3Fpage_id%3D3451||target:%20_blank|&#8221;][\/vc_column][vc_column width=&#8221;1\/5&#8243; css=&#8221;.vc_custom_1631686324437{background-color: #f4f4f4 !important;border-radius: 5px !important;}&#8221;][vc_single_image image=&#8221;7845&#8243; img_size=&#8221;600&#215;340&#8243; css=&#8221;.vc_custom_1631714459264{margin-bottom: 0px !important;}&#8221;][vc_column_text]<\/p>\n<h5><strong>\u25a9 INCONTRI CON GLI AUTORI<br \/>\n<\/strong><\/h5>\n<p>[\/vc_column_text][vc_custom_heading text=&#8221;11 novembre 2019&#8243; font_container=&#8221;tag:h3|text_align:left&#8221; use_theme_fonts=&#8221;yes&#8221; css=&#8221;.vc_custom_1631714230990{margin-bottom: 10px !important;}&#8221;][vc_column_text]<strong>I Granata<\/strong>. Una identit\u00e0 culturale, ideale, sportiva e forse anche etica. Perch\u00e9 il Toro \u00e8 una grande comunit\u00e0 ideale, culturale e sportiva che suscita amicizia, rispetto, deferenza e passione.[\/vc_column_text][vc_btn title=&#8221;leggi tutto&#8221; shape=&#8221;square&#8221; color=&#8221;white&#8221; size=&#8221;xs&#8221; i_type=&#8221;typicons&#8221; i_icon_typicons=&#8221;typcn typcn-document-text&#8221; add_icon=&#8221;true&#8221; link=&#8221;url:http%3A%2F%2Fwww.fondazionedonatcattin.it%2F%3Fpage_id%3D3752||target:%20_blank|&#8221;][\/vc_column][vc_column width=&#8221;1\/5&#8243; css=&#8221;.vc_custom_1628803261182{background-color: #f4f4f4 !important;border-radius: 5px !important;}&#8221;][vc_single_image image=&#8221;7342&#8243; img_size=&#8221;600&#215;340&#8243; css=&#8221;.vc_custom_1628805172874{margin-bottom: 0px !important;}&#8221;][vc_column_text]<\/p>\n<h5><strong>\u25a9 CONVEGNI<br \/>\n<\/strong><\/h5>\n<p>[\/vc_column_text][vc_custom_heading text=&#8221;22 novembre 2019&#8243; font_container=&#8221;tag:h3|text_align:left&#8221; use_theme_fonts=&#8221;yes&#8221; css=&#8221;.vc_custom_1631687038200{margin-bottom: 10px !important;}&#8221;][vc_column_text]<strong>Dall\u2019appello ai Liberi e forti al Congresso di Torino.<\/strong><br \/>\nLa politica di un nuovo partito.<br \/>\nLa ricostruzione dei fatti e il ruolo del Partito Popolare Italiano nel Centenario dalla fondazione.[\/vc_column_text][vc_btn title=&#8221;leggi tutto&#8221; shape=&#8221;square&#8221; color=&#8221;white&#8221; size=&#8221;xs&#8221; i_type=&#8221;typicons&#8221; i_icon_typicons=&#8221;typcn typcn-document-text&#8221; add_icon=&#8221;true&#8221; link=&#8221;url:http%3A%2F%2Fwww.fondazionedonatcattin.it%2F%3Fpage_id%3D3306||target:%20_blank|&#8221;][\/vc_column][\/vc_row][vc_row gap=&#8221;10&#8243;][vc_column width=&#8221;1\/5&#8243; css=&#8221;.vc_custom_1628803243082{background-color: #f4f4f4 !important;border-radius: 5px !important;}&#8221;][vc_single_image image=&#8221;7353&#8243; img_size=&#8221;600&#215;340&#8243; css=&#8221;.vc_custom_1628806932694{margin-bottom: 0px !important;}&#8221;][vc_column_text]<\/p>\n<h5><strong>\u25a9 EVENTI<br \/>\n<\/strong><\/h5>\n<p>[\/vc_column_text][vc_custom_heading text=&#8221;S.-Vincent, 30 novembre&#8221; font_container=&#8221;tag:h3|text_align:left&#8221; use_theme_fonts=&#8221;yes&#8221; css=&#8221;.vc_custom_1631687452201{margin-bottom: 10px !important;}&#8221;][vc_column_text]<strong>Nel 1948 Giulio Pastore e Carlo Donat-Cattin furono fra i fondatori della Libera Confederazione Generale Italiana dei Lavoratori<\/strong> che si stacc\u00f2 dalla CGIL per poi diventare nel 1950 quella che tutt&#8217;oggi \u00e8 la CISL.[\/vc_column_text][vc_btn title=&#8221;leggi tutto&#8221; shape=&#8221;square&#8221; color=&#8221;white&#8221; size=&#8221;xs&#8221; i_type=&#8221;typicons&#8221; i_icon_typicons=&#8221;typcn typcn-document-text&#8221; add_icon=&#8221;true&#8221; link=&#8221;url:http%3A%2F%2Fwww.fondazionedonatcattin.it%2F%3Fpage_id%3D3351||target:%20_blank|&#8221;][\/vc_column][vc_column width=&#8221;1\/5&#8243; css=&#8221;.vc_custom_1628803278584{background-color: #f4f4f4 !important;border-radius: 5px !important;}&#8221;]<div id=\"ts-vcsc-vimeo-9470122\" class=\"ts-video-container \" ><iframe class=\"ts-video-iframe\" src=\"https:\/\/player.vimeo.com\/video\/380019195?autoplay=0\" width=\"100%\" height=\"auto\" frameborder=\"0\" webkitallowfullscreen mozallowfullscreen allowfullscreen><\/iframe><\/div>[vc_column_text]<\/p>\n<h5><strong>\u25a9 CONVEGNI<br \/>\n<\/strong><\/h5>\n<p>[\/vc_column_text][vc_custom_heading text=&#8221;10 dicembre 2019&#8243; font_container=&#8221;tag:h3|text_align:left&#8221; use_theme_fonts=&#8221;yes&#8221; css=&#8221;.vc_custom_1631714668212{margin-bottom: 10px !important;}&#8221;][vc_column_text]<strong>Gobetti editore dei Popolari.<\/strong><br \/>\nOrganizzato da Fondazione Luigi Firpo Onlus, Centro studi Piero Gobetti, Fondazione Carlo Donat-Cattin.[\/vc_column_text][vc_btn title=&#8221;leggi tutto&#8221; shape=&#8221;square&#8221; color=&#8221;white&#8221; size=&#8221;xs&#8221; i_type=&#8221;typicons&#8221; i_icon_typicons=&#8221;typcn typcn-document-text&#8221; add_icon=&#8221;true&#8221; link=&#8221;url:http%3A%2F%2Fwww.fondazionedonatcattin.it%2F%3Fpage_id%3D3544||target:%20_blank|&#8221;][\/vc_column][vc_column width=&#8221;1\/5&#8243; css=&#8221;.vc_custom_1628803261182{background-color: #f4f4f4 !important;border-radius: 5px !important;}&#8221;][vc_single_image image=&#8221;7357&#8243; img_size=&#8221;600&#215;340&#8243; css=&#8221;.vc_custom_1628807285429{margin-bottom: 0px !important;}&#8221;][vc_column_text]<\/p>\n<h5><strong>\u25a9 CONVEGNI<br \/>\n<\/strong><\/h5>\n<p>[\/vc_column_text][vc_custom_heading text=&#8221;18 dicembre 2019&#8243; font_container=&#8221;tag:h3|text_align:left&#8221; use_theme_fonts=&#8221;yes&#8221; css=&#8221;.vc_custom_1631687070504{margin-bottom: 10px !important;}&#8221;][vc_column_text]<strong>Le figure di donne che hanno lasciato una traccia profonda nella storia della citt\u00e0 di Torino<\/strong> durante gli\u00a0 anni fortemente propositivi del secondo dopoguerra, una politica tratteggiata da ideali forti e confronti serrati.[\/vc_column_text][vc_btn title=&#8221;leggi tutto&#8221; shape=&#8221;square&#8221; color=&#8221;white&#8221; size=&#8221;xs&#8221; i_type=&#8221;typicons&#8221; i_icon_typicons=&#8221;typcn typcn-document-text&#8221; add_icon=&#8221;true&#8221; link=&#8221;url:http%3A%2F%2Fwww.fondazionedonatcattin.it%2F%3Fpage_id%3D3612||target:%20_blank|&#8221;][\/vc_column][vc_column width=&#8221;1\/5&#8243; css=&#8221;.vc_custom_1628803229255{background-color: #f4f4f4 !important;border-radius: 5px !important;}&#8221;][\/vc_column][vc_column width=&#8221;1\/5&#8243; css=&#8221;.vc_custom_1631686378542{background-color: #f4f4f4 !important;border-radius: 5px !important;}&#8221;][\/vc_column][\/vc_row]<\/p>\n","protected":false},"excerpt":{"rendered":"<p>[vc_row][vc_column][vc_column_text el_class=&#8221;titolo-pagina&#8221;] [\/vc_column_text][vc_single_image image=&#8221;2598&#8243; img_size=&#8221;full&#8221; style=&#8221;vc_box_shadow_3d&#8221; css_animation=&#8221;none&#8221;][\/vc_column][\/vc_row][vc_row][vc_column][vc_column_text] Eventi e attivit\u00e0 2019 [\/vc_column_text][vc_column_text]Convegni, Dibattiti, Didattica, Eventi, Incontri con gli autori, Letture, Memoria, Mostre, Pubblicazioni, Ricerche, Seminari, Spettacoli.[\/vc_column_text][vc_column_text]2026&#8211; 2025 &#8211; 2024 &#8211; 2023 &#8211; 2022 &#8211; 2021 &#8211; 2020 &#8211; 2019 &#8211; 2018 &#8211; 2017 &#8211; 2016 &#8211; 2015 &#8211; 2014 &#8211; 2013 &#8211; 2012 &#8211; 2011 [&hellip;]<\/p>\n","protected":false},"author":11,"featured_media":0,"parent":0,"menu_order":0,"comment_status":"closed","ping_status":"closed","template":"","meta":{"footnotes":""},"_links":{"self":[{"href":"https:\/\/www.fondazionedonatcattin.it\/index.php?rest_route=\/wp\/v2\/pages\/6266"}],"collection":[{"href":"https:\/\/www.fondazionedonatcattin.it\/index.php?rest_route=\/wp\/v2\/pages"}],"about":[{"href":"https:\/\/www.fondazionedonatcattin.it\/index.php?rest_route=\/wp\/v2\/types\/page"}],"author":[{"embeddable":true,"href":"https:\/\/www.fondazionedonatcattin.it\/index.php?rest_route=\/wp\/v2\/users\/11"}],"replies":[{"embeddable":true,"href":"https:\/\/www.fondazionedonatcattin.it\/index.php?rest_route=%2Fwp%2Fv2%2Fcomments&post=6266"}],"version-history":[{"count":1,"href":"https:\/\/www.fondazionedonatcattin.it\/index.php?rest_route=\/wp\/v2\/pages\/6266\/revisions"}],"predecessor-version":[{"id":18658,"href":"https:\/\/www.fondazionedonatcattin.it\/index.php?rest_route=\/wp\/v2\/pages\/6266\/revisions\/18658"}],"wp:attachment":[{"href":"https:\/\/www.fondazionedonatcattin.it\/index.php?rest_route=%2Fwp%2Fv2%2Fmedia&parent=6266"}],"curies":[{"name":"wp","href":"https:\/\/api.w.org\/{rel}","templated":true}]}}