{"id":13504,"date":"2021-03-07T14:00:28","date_gmt":"2021-03-07T13:00:28","guid":{"rendered":"https:\/\/www.fondazionedonatcattin.it\/?page_id=13504"},"modified":"2026-03-27T08:02:48","modified_gmt":"2026-03-27T07:02:48","slug":"il-nostro-lavoro-al-tempo-del-covid-19-5-2-2-2-2-4-2-2","status":"publish","type":"page","link":"https:\/\/www.fondazionedonatcattin.it\/?page_id=13504","title":{"rendered":"Eventi e attivit\u00e0  2023"},"content":{"rendered":"<p>[vc_row][vc_column][vc_column_text el_class=&#8221;titolo-pagina&#8221;]<\/p>\n<h2><\/h2>\n<p>[\/vc_column_text][vc_single_image image=&#8221;15769&#8243; img_size=&#8221;full&#8221;][\/vc_column][\/vc_row][vc_row][vc_column][vc_column_text]<\/p>\n<h4>Eventi e attivit\u00e0 2023<\/h4>\n<p>[\/vc_column_text][vc_column_text]Convegni, Dibattiti, Didattica, Eventi, Incontri con gli autori, Letture, Memoria, Mostre, Pubblicazioni, Ricerche, Seminari, Spettacoli.[\/vc_column_text][vc_column_text]<a href=\"\/?page_id=18617\">2026<\/a>&#8211; <a href=\"\/?page_id=17214\">2025<\/a> &#8211; <a href=\"\/?page_id=15679\">2024<\/a> &#8211; <a href=\"\/?page_id=13504\"><strong>2023<\/strong><\/a> &#8211; <a href=\"\/?page_id=10056\">2022<\/a> &#8211; <a href=\"\/?page_id=7665\">2021<\/a> &#8211; <a href=\"\/?page_id=6237\">2020<\/a> &#8211; <a href=\"\/?page_id=6266\">2019<\/a> &#8211; <a href=\"\/?page_id=7382\">2018<\/a> &#8211; <a href=\"\/?page_id=7467\">2017<\/a> &#8211; <a href=\"\/?page_id=7561\">2016<\/a> &#8211; <a href=\"\/?page_id=11391\">2015<\/a> &#8211; <a href=\"\/?page_id=11443\">2014<\/a> &#8211; <a href=\"\/?page_id=11559\">2013<\/a> &#8211; <a href=\"\/?page_id=11465\">2012<\/a> &#8211; <a href=\"\/?page_id=11585\">2011<\/a> &#8211; <a href=\"\/?page_id=11704\">2010<\/a> &#8211; <a href=\"\/?page_id=11784\">2009<\/a> &#8211; <a href=\"\/?page_id=11386\">2008<\/a> &#8211; <a href=\"\/?page_id=11956\">2007<\/a> &#8211; <a href=\"\/?page_id=11960\">2006<\/a>[\/vc_column_text][\/vc_column][\/vc_row][vc_row gap=&#8221;10&#8243;][vc_column width=&#8221;1\/5&#8243; css=&#8221;.vc_custom_1627309518295{padding-top: 15px !important;background-color: #f4f4f4 !important;}&#8221;][vc_single_image image=&#8221;13411&#8243; img_size=&#8221;600&#215;340&#8243;][vc_column_text]<\/p>\n<h5><strong>\u25a9 CLAUDIO DONAT-CATTIN<\/strong><\/h5>\n<p>[\/vc_column_text][vc_custom_heading text=&#8221;10 gennaio 2023&#8243; font_container=&#8221;tag:h3|text_align:left&#8221; use_theme_fonts=&#8221;yes&#8221; css=&#8221;.vc_custom_1673701401248{margin-bottom: 10px !important;}&#8221;][vc_column_text]<\/p>\n<p style=\"text-align: left;\"><strong>Porta a Porta<\/strong>, Bruno Vespa ricorda commosso, l&#8217;amico e collega Claudio Donat-Cattin, che \u00e8 sempre stato una &#8220;colonna&#8221; della trasmissione, fino dalla fondazione, 28 anni fa, dal primissimo momento.<\/p>\n<p>[\/vc_column_text][vc_btn title=&#8221;Video&#8221; shape=&#8221;square&#8221; color=&#8221;white&#8221; size=&#8221;xs&#8221; align=&#8221;left&#8221; i_type=&#8221;typicons&#8221; i_icon_typicons=&#8221;typcn typcn-document-text&#8221; add_icon=&#8221;true&#8221; link=&#8221;url:https%3A%2F%2Fvimeo.com%2F788190147||target:%20_blank|&#8221;][\/vc_column][vc_column width=&#8221;1\/5&#8243; css=&#8221;.vc_custom_1628415354512{padding-top: 15px !important;background-color: #f4f4f4 !important;border-radius: 5px !important;}&#8221;][vc_single_image image=&#8221;13491&#8243; img_size=&#8221;600&#215;340&#8243;][vc_column_text]<\/p>\n<h5><strong>\u25a9 CLAUDIO DONAT-CATTIN<\/strong><\/h5>\n<p>[\/vc_column_text][vc_custom_heading text=&#8221;13 gennaio 2023&#8243; font_container=&#8221;tag:h3|text_align:justify&#8221; use_theme_fonts=&#8221;yes&#8221; css=&#8221;.vc_custom_1673701943989{margin-bottom: 10px !important;}&#8221;][vc_column_text]<strong>Il messaggio di cordoglio del Presidente Sergio Mattarella<\/strong>. Lettera di Gianfranco Morgando. Lettera di Alberto Sinigaglia. Il ricordo degli amici. Trent&#8217;anni di Porta a Porta. TG1. &#8220;Eduardo. L\u2019arte d\u2019invecchiare&#8221;, intervista di Claudio Donat-Cattin.<\/p>\n<div class=\"notranslate\" style=\"all: initial;\"><\/div>\n<p>[\/vc_column_text][vc_btn title=&#8221;leggi tutto&#8221; shape=&#8221;square&#8221; color=&#8221;white&#8221; size=&#8221;xs&#8221; align=&#8221;left&#8221; i_type=&#8221;typicons&#8221; i_icon_typicons=&#8221;typcn typcn-document-text&#8221; add_icon=&#8221;true&#8221; link=&#8221;url:https%3A%2F%2Fwww.fondazionedonatcattin.it%2F%3Fpage_id%3D13325|title:Ricordo%20di%20Claudio%20Donat-Cattin|target:%20_blank|&#8221;][\/vc_column][vc_column width=&#8221;1\/5&#8243; css=&#8221;.vc_custom_1626865103980{padding-top: 15px !important;background-color: #f4f4f4 !important;}&#8221;][vc_single_image image=&#8221;13793&#8243; img_size=&#8221;600&#215;340&#8243;][vc_column_text]<\/p>\n<h5><strong>\u25a9 SERVIZIO CIVILE UNIVERSALE<br \/>\n<\/strong><\/h5>\n<p>[\/vc_column_text][vc_custom_heading text=&#8221;20 gennaio 2023&#8243; font_container=&#8221;tag:h3|text_align:justify&#8221; use_theme_fonts=&#8221;yes&#8221; css=&#8221;.vc_custom_1675423812399{margin-bottom: 10px !important;}&#8221;][vc_column_text]La Fondazione Carlo Donat-Cattin partecipa al bando per la\u00a0selezione di due volontari\u00a0del Servizio Civile Universale con il progetto \u201cStorie con-nesse. Un patrimonio da conoscere e valorizzare\u201d<\/p>\n<div class=\"notranslate\" style=\"all: initial;\"><\/div>\n<p>[\/vc_column_text][vc_btn title=&#8221;leggi tutto&#8221; shape=&#8221;square&#8221; color=&#8221;white&#8221; size=&#8221;xs&#8221; align=&#8221;left&#8221; i_type=&#8221;typicons&#8221; i_icon_typicons=&#8221;typcn typcn-document-text&#8221; add_icon=&#8221;true&#8221; link=&#8221;url:https%3A%2F%2Fwww.fondazionedonatcattin.it%2F%3Fpage_id%3D13761||target:%20_blank|&#8221;][\/vc_column][vc_column width=&#8221;1\/5&#8243; css=&#8221;.vc_custom_1628415317745{padding-top: 15px !important;background-color: #f4f4f4 !important;border-radius: 5px !important;}&#8221;][vc_single_image image=&#8221;13741&#8243; img_size=&#8221;600&#215;340&#8243;][vc_column_text]<\/p>\n<h5><strong>\u25a9 MEMORIA<\/strong><\/h5>\n<p>[\/vc_column_text][vc_custom_heading text=&#8221;27 gennaio 2023&#8243; font_container=&#8221;tag:h3|text_align:justify&#8221; use_theme_fonts=&#8221;yes&#8221; css=&#8221;.vc_custom_1675422724426{margin-bottom: 10px !important;}&#8221;][vc_column_text]<strong> Pi\u00f9 si fa buio attorno a noi e pi\u00f9 dobbiamo aprire il cuore alla luce che viene dall&#8217;alto. <\/strong>\u00abEdith Stein presentiva gi\u00e0, a partire almeno dal 1939, di morire a causa del nazismo\u00bb\u2026<strong><br \/>\n<\/strong><\/p>\n<div class=\"notranslate\" style=\"all: initial;\"><\/div>\n<p>[\/vc_column_text][vc_btn title=&#8221;leggi tutto&#8221; shape=&#8221;square&#8221; color=&#8221;white&#8221; size=&#8221;xs&#8221; align=&#8221;left&#8221; i_type=&#8221;typicons&#8221; i_icon_typicons=&#8221;typcn typcn-document-text&#8221; add_icon=&#8221;true&#8221; link=&#8221;url:https%3A%2F%2Fwww.fondazionedonatcattin.it%2F%3Fpage_id%3D13668||target:%20_blank|&#8221;][\/vc_column][vc_column width=&#8221;1\/5&#8243; css=&#8221;.vc_custom_1631103095298{padding-top: 15px !important;background-color: #f4f4f4 !important;}&#8221;][vc_single_image image=&#8221;13775&#8243; img_size=&#8221;600&#215;340&#8243;][vc_column_text]<\/p>\n<h5><strong>\u25a9 MEMORIA<\/strong><\/h5>\n<p>[\/vc_column_text][vc_custom_heading text=&#8221;2 febbraio 2023&#8243; font_container=&#8221;tag:h3|text_align:justify&#8221; use_theme_fonts=&#8221;yes&#8221; css=&#8221;.vc_custom_1676054064941{margin-bottom: 10px !important;}&#8221;][vc_column_text]La scomparsa di Enzo Carra, deceduto pochi giorni fa al termine di un ricovero al Policlinico Gemelli di Roma, colpisce in modo profondo coloro che lo hanno conosciuto e quanti hanno avuto modo di lavorare con lui.[\/vc_column_text][vc_btn title=&#8221;leggi tutto&#8221; shape=&#8221;square&#8221; color=&#8221;white&#8221; size=&#8221;xs&#8221; align=&#8221;left&#8221; i_type=&#8221;typicons&#8221; i_icon_typicons=&#8221;typcn typcn-document-text&#8221; add_icon=&#8221;true&#8221; link=&#8221;url:https%3A%2F%2Fwww.fondazionedonatcattin.it%2F%3Fpage_id%3D13774||target:%20_blank|&#8221;][\/vc_column][\/vc_row][vc_row gap=&#8221;10&#8243;][vc_column width=&#8221;1\/5&#8243; css=&#8221;.vc_custom_1627309518295{padding-top: 15px !important;background-color: #f4f4f4 !important;}&#8221;][vc_single_image image=&#8221;13822&#8243; img_size=&#8221;600&#215;340&#8243;][vc_column_text]<\/p>\n<h5><strong>\u25a9 MARIAPIA DONAT-CATTIN<\/strong><\/h5>\n<p>[\/vc_column_text][vc_custom_heading text=&#8221;3 febbraio 2023&#8243; font_container=&#8221;tag:h3|text_align:left&#8221; use_theme_fonts=&#8221;yes&#8221; css=&#8221;.vc_custom_1676054291338{margin-bottom: 10px !important;}&#8221;][vc_column_text]Il C.d.A. della Fondazione Carlo Donat-Cattin ha nominato Mariapia Donat-Cattin nuova Presidente. A lei il compito di proseguire il mandato portato avanti con passione, impegno e sacrificio per tanti anni dal fratello Claudio recentemente scomparso.[\/vc_column_text][vc_btn title=&#8221;leggi tutto&#8221; shape=&#8221;square&#8221; color=&#8221;white&#8221; size=&#8221;xs&#8221; align=&#8221;left&#8221; i_type=&#8221;typicons&#8221; i_icon_typicons=&#8221;typcn typcn-document-text&#8221; add_icon=&#8221;true&#8221; link=&#8221;url:https%3A%2F%2Fwww.fondazionedonatcattin.it%2F%3Fpage_id%3D13812||target:%20_blank|&#8221;][\/vc_column][vc_column width=&#8221;1\/5&#8243; css=&#8221;.vc_custom_1628415354512{padding-top: 15px !important;background-color: #f4f4f4 !important;border-radius: 5px !important;}&#8221;][vc_single_image image=&#8221;13802&#8243; img_size=&#8221;600&#215;340&#8243;][vc_column_text]<\/p>\n<h5><strong>\u25a9 MEMORIA<\/strong><\/h5>\n<p>[\/vc_column_text][vc_custom_heading text=&#8221;10 febbraio 2023&#8243; font_container=&#8221;tag:h3|text_align:left&#8221; use_theme_fonts=&#8221;yes&#8221; css=&#8221;.vc_custom_1676054511881{margin-bottom: 10px !important;}&#8221;][vc_column_text]Molti dei profughi giuliano-dalmati arrivano, nei primi mesi del 1947, alla stazione di Porta Nuova, dove \u2013 sul lato \u201carrivi\u201d \u2013 viene allestito un punto di ristoro: una delle prime e concrete iniziative organizzate dal Comune\u2026[\/vc_column_text][vc_btn title=&#8221;leggi tutto&#8221; shape=&#8221;square&#8221; color=&#8221;white&#8221; size=&#8221;xs&#8221; align=&#8221;left&#8221; i_type=&#8221;typicons&#8221; i_icon_typicons=&#8221;typcn typcn-document-text&#8221; add_icon=&#8221;true&#8221; link=&#8221;url:https%3A%2F%2Fwww.fondazionedonatcattin.it%2F%3Fpage_id%3D13801||target:%20_blank|&#8221;][\/vc_column][vc_column width=&#8221;1\/5&#8243; css=&#8221;.vc_custom_1626865103980{padding-top: 15px !important;background-color: #f4f4f4 !important;}&#8221;][vc_single_image image=&#8221;13909&#8243; img_size=&#8221;600&#215;340&#8243;][vc_column_text]<\/p>\n<h5><strong>\u25a9 DIBATTITI<\/strong><\/h5>\n<p>[\/vc_column_text][vc_custom_heading text=&#8221;24 febbraio 2023&#8243; font_container=&#8221;tag:h3|text_align:left&#8221; use_theme_fonts=&#8221;yes&#8221; css=&#8221;.vc_custom_1676968179265{margin-bottom: 10px !important;}&#8221;][vc_column_text]Il crimine internazionale di aggressione ed il perseguimento penale di fronte ad organi giurisdizionali indipendenti. Tavola rotonda online, nell\u2019anniversario dell\u2019invasione dell\u2019Ucraina da parte della Federazione Russa.[\/vc_column_text][vc_btn title=&#8221;leggi tutto&#8221; shape=&#8221;square&#8221; color=&#8221;white&#8221; size=&#8221;xs&#8221; align=&#8221;left&#8221; i_type=&#8221;typicons&#8221; i_icon_typicons=&#8221;typcn typcn-document-text&#8221; add_icon=&#8221;true&#8221; link=&#8221;url:https%3A%2F%2Fwww.fondazionedonatcattin.it%2F%3Fpage_id%3D13880||target:%20_blank|&#8221;][\/vc_column][vc_column width=&#8221;1\/5&#8243; css=&#8221;.vc_custom_1628415317745{padding-top: 15px !important;background-color: #f4f4f4 !important;border-radius: 5px !important;}&#8221;][vc_single_image image=&#8221;13921&#8243; img_size=&#8221;600&#215;340&#8243;][vc_column_text]<\/p>\n<h5><strong>\u25a9 SPETTACOLI<\/strong><\/h5>\n<p>[\/vc_column_text][vc_custom_heading text=&#8221;24 febbraio 2023&#8243; font_container=&#8221;tag:h3|text_align:left&#8221; use_theme_fonts=&#8221;yes&#8221; css=&#8221;.vc_custom_1676968179265{margin-bottom: 10px !important;}&#8221;][vc_column_text]Anteprima del film biografico su Mario Toros, operaio, partigiano, sindacalista, parlamentare e ministro della Repubblica. Promosso dall\u2019Ente Friuli nel Mondo, alla sua realizzazione ha contribuito la Fondazione Carlo Donat-Cattin.[\/vc_column_text][vc_btn title=&#8221;leggi tutto&#8221; shape=&#8221;square&#8221; color=&#8221;white&#8221; size=&#8221;xs&#8221; align=&#8221;left&#8221; i_type=&#8221;typicons&#8221; i_icon_typicons=&#8221;typcn typcn-document-text&#8221; add_icon=&#8221;true&#8221; link=&#8221;url:https%3A%2F%2Fwww.fondazionedonatcattin.it%2F%3Fpage_id%3D13913||target:%20_blank|&#8221;][\/vc_column][vc_column width=&#8221;1\/5&#8243; css=&#8221;.vc_custom_1631103095298{padding-top: 15px !important;background-color: #f4f4f4 !important;}&#8221;][vc_single_image image=&#8221;14050&#8243; img_size=&#8221;600&#215;340&#8243;][vc_column_text]<\/p>\n<h5><strong>\u25a9 MEMORIA<\/strong><\/h5>\n<p>[\/vc_column_text][vc_custom_heading text=&#8221;24 marzo 2023&#8243; font_container=&#8221;tag:h3|text_align:left&#8221; use_theme_fonts=&#8221;yes&#8221; css=&#8221;.vc_custom_1680101556102{margin-bottom: 10px !important;}&#8221;][vc_column_text]Rolando Picchioni uomo politico e di cultura che ha nobilitato il Piemonte. La sua testimonianza raccolta nell\u2019Archivio sulla memoria della Democrazia Cristiana in Piemonte della Fondazione Carlo Donat-Cattin.[\/vc_column_text][vc_btn title=&#8221;leggi tutto&#8221; shape=&#8221;square&#8221; color=&#8221;white&#8221; size=&#8221;xs&#8221; align=&#8221;left&#8221; i_type=&#8221;typicons&#8221; i_icon_typicons=&#8221;typcn typcn-document-text&#8221; add_icon=&#8221;true&#8221; link=&#8221;url:https%3A%2F%2Fwww.fondazionedonatcattin.it%2F%3Fpage_id%3D14049||target:%20_blank|&#8221;][\/vc_column][\/vc_row][vc_row gap=&#8221;10&#8243;][vc_column width=&#8221;1\/5&#8243; css=&#8221;.vc_custom_1627309518295{padding-top: 15px !important;background-color: #f4f4f4 !important;}&#8221;][vc_single_image image=&#8221;13993&#8243; img_size=&#8221;600&#215;340&#8243;][vc_column_text]<\/p>\n<h5><strong>\u25a9 SPETTACOLI<\/strong><\/h5>\n<p>[\/vc_column_text][vc_custom_heading text=&#8221;1 aprile 2023&#8243; font_container=&#8221;tag:h3|text_align:left&#8221; use_theme_fonts=&#8221;yes&#8221; css=&#8221;.vc_custom_1680101764850{margin-bottom: 10px !important;}&#8221;][vc_column_text]La Fondazione Carlo Donat-Cattin ha ricevuto in deposito dai familiari l\u2019archivio personale di Michele Luciano Straniero, figura di svolta della cultura musicale italiana del Novecento.[\/vc_column_text][vc_btn title=&#8221;leggi tutto&#8221; shape=&#8221;square&#8221; color=&#8221;white&#8221; size=&#8221;xs&#8221; align=&#8221;left&#8221; i_type=&#8221;typicons&#8221; i_icon_typicons=&#8221;typcn typcn-document-text&#8221; add_icon=&#8221;true&#8221; link=&#8221;url:https%3A%2F%2Fwww.fondazionedonatcattin.it%2F%3Fpage_id%3D14026||target:%20_blank|&#8221;][\/vc_column][vc_column width=&#8221;1\/5&#8243; css=&#8221;.vc_custom_1628415354512{padding-top: 15px !important;background-color: #f4f4f4 !important;border-radius: 5px !important;}&#8221;][vc_single_image image=&#8221;14146&#8243; img_size=&#8221;600&#215;340&#8243;][vc_column_text]<\/p>\n<h5><strong>\u25a9 MEMORIA<\/strong><\/h5>\n<p>[\/vc_column_text][vc_custom_heading text=&#8221;20 aprile 2023&#8243; font_container=&#8221;tag:h3|text_align:left&#8221; use_theme_fonts=&#8221;yes&#8221; css=&#8221;.vc_custom_1682063696189{margin-bottom: 10px !important;}&#8221;][vc_column_text]Un prete in galera descrive in forma di diario le vicende di don Giuseppe Marabotto, sacerdote-maestro nella borgata Thures di Cesana e figura emblematica di prete partigiano.[\/vc_column_text][vc_btn title=&#8221;leggi tutto&#8221; shape=&#8221;square&#8221; color=&#8221;white&#8221; size=&#8221;xs&#8221; align=&#8221;left&#8221; i_type=&#8221;typicons&#8221; i_icon_typicons=&#8221;typcn typcn-document-text&#8221; add_icon=&#8221;true&#8221; link=&#8221;url:https%3A%2F%2Fwww.fondazionedonatcattin.it%2F%3Fpage_id%3D14140||target:%20_blank|&#8221;][\/vc_column][vc_column width=&#8221;1\/5&#8243; css=&#8221;.vc_custom_1626865103980{padding-top: 15px !important;background-color: #f4f4f4 !important;}&#8221;][vc_single_image image=&#8221;14327&#8243; img_size=&#8221;600&#215;340&#8243;][vc_column_text]<\/p>\n<h5><strong>\u25a9 MEMORIA<\/strong><\/h5>\n<p>[\/vc_column_text][vc_custom_heading text=&#8221;25 aprile 2023&#8243; font_container=&#8221;tag:h3|text_align:left&#8221; use_theme_fonts=&#8221;yes&#8221; css=&#8221;.vc_custom_1682494807874{margin-bottom: 10px !important;}&#8221;][vc_column_text]La partecipazione cattolica alla Resistenza: &#8220;Liberazione \u2013 Documentario della lotta clandestina e partigiana, settembre 1943 \u2013 maggio 1945&#8221;. <em>I Quaderni de Il Popolo Nuovo<\/em>, inserto curato da Valdo Fusi e Carmelo Oddone.[\/vc_column_text][vc_btn title=&#8221;leggi tutto&#8221; shape=&#8221;square&#8221; color=&#8221;white&#8221; size=&#8221;xs&#8221; align=&#8221;left&#8221; i_type=&#8221;typicons&#8221; i_icon_typicons=&#8221;typcn typcn-document-text&#8221; add_icon=&#8221;true&#8221; link=&#8221;url:https%3A%2F%2Fwww.fondazionedonatcattin.it%2F%3Fpage_id%3D14156||target:%20_blank|&#8221;][\/vc_column][vc_column width=&#8221;1\/5&#8243; css=&#8221;.vc_custom_1628415317745{padding-top: 15px !important;background-color: #f4f4f4 !important;border-radius: 5px !important;}&#8221;][vc_single_image image=&#8221;14357&#8243; img_size=&#8221;600&#215;340&#8243;][vc_column_text]<\/p>\n<h5><strong>\u25a9 MEMORIA<\/strong><\/h5>\n<p>[\/vc_column_text][vc_custom_heading text=&#8221;28 aprile 2023&#8243; font_container=&#8221;tag:h3|text_align:left&#8221; use_theme_fonts=&#8221;yes&#8221; css=&#8221;.vc_custom_1682699683413{margin-bottom: 10px !important;}&#8221;][vc_column_text]Nelle parole di <strong>Liliana Segre<\/strong> e nel ricordo del momento in cui ha sentito di farsi testimone di tutti i perseguitati del suo tempo, c\u2019\u00e8 un appello accorato, la mano tesa verso quelle nuove generazioni che sono speranza.[\/vc_column_text][vc_btn title=&#8221;leggi tutto&#8221; shape=&#8221;square&#8221; color=&#8221;white&#8221; size=&#8221;xs&#8221; align=&#8221;left&#8221; i_type=&#8221;typicons&#8221; i_icon_typicons=&#8221;typcn typcn-document-text&#8221; add_icon=&#8221;true&#8221; link=&#8221;url:https%3A%2F%2Fwww.fondazionedonatcattin.it%2F%3Fpage_id%3D14354||target:%20_blank|&#8221;][\/vc_column][vc_column width=&#8221;1\/5&#8243; css=&#8221;.vc_custom_1631103095298{padding-top: 15px !important;background-color: #f4f4f4 !important;}&#8221;][vc_single_image image=&#8221;14412&#8243; img_size=&#8221;600&#215;340&#8243;][vc_column_text]<\/p>\n<h5><strong>\u25a9 INCONTRI CON GLI AUTORI<br \/>\n<\/strong><\/h5>\n<p>[\/vc_column_text][vc_custom_heading text=&#8221;4 maggio 2023&#8243; font_container=&#8221;tag:h3|text_align:left&#8221; use_theme_fonts=&#8221;yes&#8221; css=&#8221;.vc_custom_1683452508826{margin-bottom: 10px !important;}&#8221;][vc_column_text]Presentazione del volume &#8220;La Resistenza e la rinascita dell\u2019idea europea (1942-1947)&#8221;, organizzata da CESI. Robert Belot illumina una delle fonti pi\u00f9 vive dell\u2019aspirazione all\u2019unit\u00e0 dell\u2019Europa e alla pace di coloro che rischiarono la vita per la libert\u00e0.[\/vc_column_text][vc_btn title=&#8221;leggi tutto&#8221; shape=&#8221;square&#8221; color=&#8221;white&#8221; size=&#8221;xs&#8221; align=&#8221;left&#8221; i_type=&#8221;typicons&#8221; i_icon_typicons=&#8221;typcn typcn-document-text&#8221; add_icon=&#8221;true&#8221; link=&#8221;url:https%3A%2F%2Fwww.fondazionedonatcattin.it%2F%3Fpage_id%3D14396||target:%20_blank|&#8221;][\/vc_column][\/vc_row][vc_row gap=&#8221;10&#8243;][vc_column width=&#8221;1\/5&#8243; css=&#8221;.vc_custom_1627309518295{padding-top: 15px !important;background-color: #f4f4f4 !important;}&#8221;][vc_single_image image=&#8221;1616&#8243; img_size=&#8221;600&#215;340&#8243;][vc_column_text]<\/p>\n<h5><strong>\u25a9 MEMORIA<\/strong><\/h5>\n<p>[\/vc_column_text][vc_custom_heading text=&#8221;9 maggio 2023&#8243; font_container=&#8221;tag:h3|text_align:left&#8221; use_theme_fonts=&#8221;yes&#8221; css=&#8221;.vc_custom_1683911884126{margin-bottom: 10px !important;}&#8221;][vc_column_text]Aldo Moro: 45 anni dopo. Pubblichiamo due lettere documentano il rapporto dialettico intercorso tra Aldo Moro e Carlo Donat-Cattin in un passaggio cruciale della vita politica italiana.[\/vc_column_text][vc_btn title=&#8221;leggi tutto&#8221; shape=&#8221;square&#8221; color=&#8221;white&#8221; size=&#8221;xs&#8221; align=&#8221;left&#8221; i_type=&#8221;typicons&#8221; i_icon_typicons=&#8221;typcn typcn-document-text&#8221; add_icon=&#8221;true&#8221; link=&#8221;url:https%3A%2F%2Fwww.fondazionedonatcattin.it%2F%3Fpage_id%3D14453||target:%20_blank|&#8221;][\/vc_column][vc_column width=&#8221;1\/5&#8243; css=&#8221;.vc_custom_1628415354512{padding-top: 15px !important;background-color: #f4f4f4 !important;border-radius: 5px !important;}&#8221;][vc_single_image image=&#8221;14447&#8243; img_size=&#8221;600&#215;340&#8243;][vc_column_text]<\/p>\n<h5><strong>\u25a9 DIBATTITI<\/strong><\/h5>\n<p>[\/vc_column_text][vc_custom_heading text=&#8221;10 maggio 2023&#8243; font_container=&#8221;tag:h3|text_align:left&#8221; use_theme_fonts=&#8221;yes&#8221; css=&#8221;.vc_custom_1683452627735{margin-bottom: 10px !important;}&#8221;][vc_column_text]Il IV Congresso del Partito popolare italiano, aperto a Torino il 12 aprile 1923 con la relazione di Luigi Sturzo, sancisce la scelta antifascista del partito.[\/vc_column_text][vc_btn title=&#8221;leggi tutto&#8221; shape=&#8221;square&#8221; color=&#8221;white&#8221; size=&#8221;xs&#8221; align=&#8221;left&#8221; i_type=&#8221;typicons&#8221; i_icon_typicons=&#8221;typcn typcn-document-text&#8221; add_icon=&#8221;true&#8221; link=&#8221;url:https%3A%2F%2Fwww.fondazionedonatcattin.it%2F%3Fpage_id%3D14416||target:%20_blank|&#8221;][\/vc_column][vc_column width=&#8221;1\/5&#8243; css=&#8221;.vc_custom_1628415317745{padding-top: 15px !important;background-color: #f4f4f4 !important;border-radius: 5px !important;}&#8221;][vc_single_image image=&#8221;14616&#8243; img_size=&#8221;600&#215;340&#8243;][vc_column_text]<\/p>\n<h5><strong>\u25a9 LETTURE<br \/>\n<\/strong><\/h5>\n<p>[\/vc_column_text][vc_custom_heading text=&#8221;19 maggio 2023&#8243; font_container=&#8221;tag:h3|text_align:left&#8221; use_theme_fonts=&#8221;yes&#8221; css=&#8221;.vc_custom_1684322221110{margin-bottom: 10px !important;}&#8221;][vc_column_text]Attraverso lo specchio riflettiamo. La conoscenza di s\u00e9 tramite le trasformazioni della societ\u00e0 `Casa dello Specchio\u2026 i libri assomigliano ai nostri, solo che sono scritti alla rovescia\u2019. Salone internazionale del libro.[\/vc_column_text][vc_btn title=&#8221;leggi tutto&#8221; shape=&#8221;square&#8221; color=&#8221;white&#8221; size=&#8221;xs&#8221; align=&#8221;left&#8221; i_type=&#8221;typicons&#8221; i_icon_typicons=&#8221;typcn typcn-document-text&#8221; add_icon=&#8221;true&#8221; link=&#8221;url:https%3A%2F%2Fwww.fondazionedonatcattin.it%2F%3Fpage_id%3D14602||target:%20_blank|&#8221;][\/vc_column][vc_column width=&#8221;1\/5&#8243; css=&#8221;.vc_custom_1626865103980{padding-top: 15px !important;background-color: #f4f4f4 !important;}&#8221;][vc_single_image image=&#8221;14571&#8243; img_size=&#8221;600&#215;340&#8243;][vc_column_text]<\/p>\n<h5><strong>\u25a9 INCONTRI CON GLI AUTORI<br \/>\n<\/strong><\/h5>\n<p>[\/vc_column_text][vc_custom_heading text=&#8221;22 maggio 2023&#8243; font_container=&#8221;tag:h3|text_align:left&#8221; use_theme_fonts=&#8221;yes&#8221; css=&#8221;.vc_custom_1684321968271{margin-bottom: 10px !important;}&#8221;][vc_column_text]Iran. Inversno del regime.Partendo dal libro di Nicola Pedde, Rivoluzione in Iran. Organizza, il Centro Studi Peirone in collaborazione con la Fondazione Carlo Donat-Cattin e l\u2019editrice Rosenberg &amp; Sellier.[\/vc_column_text][vc_btn title=&#8221;leggi tutto&#8221; shape=&#8221;square&#8221; color=&#8221;white&#8221; size=&#8221;xs&#8221; align=&#8221;left&#8221; i_type=&#8221;typicons&#8221; i_icon_typicons=&#8221;typcn typcn-document-text&#8221; add_icon=&#8221;true&#8221; link=&#8221;url:https%3A%2F%2Fwww.fondazionedonatcattin.it%2F%3Fpage_id%3D14559||target:%20_blank|&#8221;][\/vc_column][vc_column width=&#8221;1\/5&#8243; css=&#8221;.vc_custom_1631103095298{padding-top: 15px !important;background-color: #f4f4f4 !important;}&#8221;][vc_single_image image=&#8221;14686&#8243; img_size=&#8221;600&#215;340&#8243;][vc_column_text]<\/p>\n<h5><strong>\u25a9 SPETTACOLI<\/strong><\/h5>\n<p>[\/vc_column_text][vc_custom_heading text=&#8221;29 maggio 2023&#8243; font_container=&#8221;tag:h3|text_align:left&#8221; use_theme_fonts=&#8221;yes&#8221; css=&#8221;.vc_custom_1685176030395{margin-bottom: 10px !important;}&#8221;][vc_column_text]Lacrime mute. Storie di donne contro la mafia. Scritto e diretto da Marianna Musacchio e Benedetta Perego. Con Claudia Bruno, Alessandra Caracciolo, Emanuela Morrone, Benedetta Perego, Claudia Serra e Eduardo Viviani[\/vc_column_text][vc_btn title=&#8221;leggi tutto&#8221; shape=&#8221;square&#8221; color=&#8221;white&#8221; size=&#8221;xs&#8221; align=&#8221;left&#8221; i_type=&#8221;typicons&#8221; i_icon_typicons=&#8221;typcn typcn-document-text&#8221; add_icon=&#8221;true&#8221; link=&#8221;url:https%3A%2F%2Fwww.fondazionedonatcattin.it%2F%3Fpage_id%3D14573||target:%20_blank|&#8221;][\/vc_column][\/vc_row][vc_row gap=&#8221;10&#8243;][vc_column width=&#8221;1\/5&#8243; css=&#8221;.vc_custom_1628415354512{padding-top: 15px !important;background-color: #f4f4f4 !important;border-radius: 5px !important;}&#8221;][vc_single_image image=&#8221;14689&#8243; img_size=&#8221;600&#215;340&#8243;][vc_column_text]<\/p>\n<h5><strong>\u25a9 DIBATTITI<\/strong><\/h5>\n<p>[\/vc_column_text][vc_custom_heading text=&#8221;31 maggio 2023&#8243; font_container=&#8221;tag:h3|text_align:left&#8221; use_theme_fonts=&#8221;yes&#8221; css=&#8221;.vc_custom_1685176210547{margin-bottom: 10px !important;}&#8221;][vc_column_text]Il volume, a dieci anni dall\u2019elezione di Papa Francesco, rilegge l\u2019approccio geopolitico della Santa Sede e ricostruisce la \u201cmappa\u201d della \u201cpolitica internazionale\u201d del Vaticano, mettendo in evidenza i traguardi raggiunti e le sfide aperte.[\/vc_column_text][vc_btn title=&#8221;leggi tutto&#8221; shape=&#8221;square&#8221; color=&#8221;white&#8221; size=&#8221;xs&#8221; align=&#8221;left&#8221; i_type=&#8221;typicons&#8221; i_icon_typicons=&#8221;typcn typcn-document-text&#8221; add_icon=&#8221;true&#8221; link=&#8221;url:https%3A%2F%2Fwww.fondazionedonatcattin.it%2F%3Fpage_id%3D14716||target:%20_blank|&#8221;][\/vc_column][vc_column width=&#8221;1\/5&#8243; css=&#8221;.vc_custom_1627309518295{padding-top: 15px !important;background-color: #f4f4f4 !important;}&#8221;][vc_single_image image=&#8221;14847&#8243; img_size=&#8221;600&#215;340&#8243;][vc_column_text]<\/p>\n<h5><strong>\u25a9 MEMORIA<\/strong><\/h5>\n<p>[\/vc_column_text][vc_custom_heading text=&#8221;8 giugno 2023&#8243; font_container=&#8221;tag:h3|text_align:left&#8221; use_theme_fonts=&#8221;yes&#8221; css=&#8221;.vc_custom_1688054166096{margin-bottom: 10px !important;}&#8221;][vc_column_text]Guido Bodrato era un grande amico della Fondazione. Sempre disponibile per le nostre iniziative, dava volentieri il suo contributo di riflessione e di testimonianza per il lavoro di scavo nella storia del cattolicesimo politico\u2026[\/vc_column_text][vc_btn title=&#8221;leggi tutto&#8221; shape=&#8221;square&#8221; color=&#8221;white&#8221; size=&#8221;xs&#8221; align=&#8221;left&#8221; i_type=&#8221;typicons&#8221; i_icon_typicons=&#8221;typcn typcn-document-text&#8221; add_icon=&#8221;true&#8221; link=&#8221;url:https%3A%2F%2Fwww.fondazionedonatcattin.it%2F%3Fpage_id%3D14811||target:%20_blank|&#8221;][\/vc_column][vc_column width=&#8221;1\/5&#8243; css=&#8221;.vc_custom_1628415317745{padding-top: 15px !important;background-color: #f4f4f4 !important;border-radius: 5px !important;}&#8221;][vc_single_image image=&#8221;14762&#8243; img_size=&#8221;600&#215;340&#8243;][vc_column_text]<\/p>\n<h5><strong>\u25a9 CONVEGNI<\/strong><\/h5>\n<p>[\/vc_column_text][vc_custom_heading text=&#8221;14 giugno 2023&#8243; font_container=&#8221;tag:h3|text_align:left&#8221; use_theme_fonts=&#8221;yes&#8221; css=&#8221;.vc_custom_1685546704157{margin-bottom: 10px !important;}&#8221;][vc_column_text]A \u201cSettegiorni\u201d la Fondazione Donat-Cattin ha dedicato un progetto didigitalizzazione e di ricerca, che viene presentato mercoled\u00ec 14 giugno, presso il Senato della Repubblica nella Sala capitolare.[\/vc_column_text][vc_btn title=&#8221;leggi tutto&#8221; shape=&#8221;square&#8221; color=&#8221;white&#8221; size=&#8221;xs&#8221; align=&#8221;left&#8221; i_type=&#8221;typicons&#8221; i_icon_typicons=&#8221;typcn typcn-document-text&#8221; add_icon=&#8221;true&#8221; link=&#8221;url:https%3A%2F%2Fwww.fondazionedonatcattin.it%2F%3Fpage_id%3D14749||target:%20_blank|&#8221;][\/vc_column][vc_column width=&#8221;1\/5&#8243; css=&#8221;.vc_custom_1626865103980{padding-top: 15px !important;background-color: #f4f4f4 !important;}&#8221;][vc_single_image image=&#8221;14939&#8243; img_size=&#8221;600&#215;340&#8243;][vc_column_text]<\/p>\n<h5><strong>\u25a9 CONVEGNI<\/strong><\/h5>\n<p>[\/vc_column_text][vc_custom_heading text=&#8221;7 luglio 2023&#8243; font_container=&#8221;tag:h3|text_align:left&#8221; use_theme_fonts=&#8221;yes&#8221; css=&#8221;.vc_custom_1688410663694{margin-bottom: 10px !important;}&#8221;][vc_column_text]Ottanta anni fa negli luglio 1943 alcuni intellettuali cattolici si riuniscono, presso il monastero benedettino di Camaldoli, con l\u2019intento di confrontarsi e riflettere sul Magistero sociale della Chiesa.[\/vc_column_text][vc_btn title=&#8221;leggi tutto&#8221; shape=&#8221;square&#8221; color=&#8221;white&#8221; size=&#8221;xs&#8221; align=&#8221;left&#8221; i_type=&#8221;typicons&#8221; i_icon_typicons=&#8221;typcn typcn-document-text&#8221; add_icon=&#8221;true&#8221; link=&#8221;url:https%3A%2F%2Fwww.fondazionedonatcattin.it%2F%3Fpage_id%3D14894||target:%20_blank|&#8221;][\/vc_column][vc_column width=&#8221;1\/5&#8243; css=&#8221;.vc_custom_1631103095298{padding-top: 15px !important;background-color: #f4f4f4 !important;}&#8221;][vc_single_image image=&#8221;15019&#8243; img_size=&#8221;600&#215;340&#8243;][vc_column_text]<\/p>\n<h5><strong>\u25a9 MOSTRE<\/strong><\/h5>\n<p>[\/vc_column_text][vc_custom_heading text=&#8221;11-22 luglio 2023&#8243; font_container=&#8221;tag:h3|text_align:left&#8221; use_theme_fonts=&#8221;yes&#8221; css=&#8221;.vc_custom_1689061650082{margin-bottom: 10px !important;}&#8221;][vc_column_text]Di storie e di auto, una selezione di fotografie, video e documenti d\u2019archivio con l\u2019intento di rappresentare quello che l\u2019automobile \u00e8 stata per Torino e per il Paese.[\/vc_column_text][vc_btn title=&#8221;leggi tutto&#8221; shape=&#8221;square&#8221; color=&#8221;white&#8221; size=&#8221;xs&#8221; align=&#8221;left&#8221; i_type=&#8221;typicons&#8221; i_icon_typicons=&#8221;typcn typcn-document-text&#8221; add_icon=&#8221;true&#8221; link=&#8221;url:https%3A%2F%2Fwww.fondazionedonatcattin.it%2F%3Fpage_id%3D15016||target:%20_blank|&#8221;][\/vc_column][\/vc_row][vc_row gap=&#8221;10&#8243;][vc_column width=&#8221;1\/5&#8243; css=&#8221;.vc_custom_1628415317745{padding-top: 15px !important;background-color: #f4f4f4 !important;border-radius: 5px !important;}&#8221;][vc_single_image image=&#8221;15222&#8243; img_size=&#8221;600&#215;340&#8243;][vc_column_text]<\/p>\n<h5><strong>\u25a9 EVENTI<\/strong><\/h5>\n<p>[\/vc_column_text][vc_custom_heading text=&#8221;2 agosto 2023&#8243; font_container=&#8221;tag:h3|text_align:left&#8221; use_theme_fonts=&#8221;yes&#8221; css=&#8221;.vc_custom_1709114988787{margin-bottom: 10px !important;}&#8221;][vc_column_text]Il Presidente della Repubblica, Sergio Mattarella, ha partecipato a Torino all\u2019incontro che si \u00e8 tenuto al Polo del \u2018900 su memoria, futuro e partecipazione concludendo la cerimonia con un suo intervento.[\/vc_column_text][vc_btn title=&#8221;leggi tutto&#8221; shape=&#8221;square&#8221; color=&#8221;white&#8221; size=&#8221;xs&#8221; align=&#8221;left&#8221; i_type=&#8221;typicons&#8221; i_icon_typicons=&#8221;typcn typcn-document-text&#8221; add_icon=&#8221;true&#8221; link=&#8221;url:https%3A%2F%2Fwww.fondazionedonatcattin.it%2F%3Fpage_id%3D15197||target:%20_blank|&#8221;][\/vc_column][vc_column width=&#8221;1\/5&#8243; css=&#8221;.vc_custom_1628415354512{padding-top: 15px !important;background-color: #f4f4f4 !important;border-radius: 5px !important;}&#8221;][vc_single_image image=&#8221;15092&#8243; img_size=&#8221;600&#215;340&#8243;][vc_column_text]<\/p>\n<h5><strong>\u25a9 MEMORIA<\/strong><\/h5>\n<p>[\/vc_column_text][vc_custom_heading text=&#8221;26 agosto 2023&#8243; font_container=&#8221;tag:h3|text_align:left&#8221; use_theme_fonts=&#8221;yes&#8221; css=&#8221;.vc_custom_1693568733135{margin-bottom: 10px !important;}&#8221;][vc_column_text]Danilo Morini: esempio alto e umile di un paese migliore, Danilo Morini, scomparso in questi giorni, merita pi\u00f9 di una commemorazione di maniera. \u00c8 stato un personaggio che ha inciso molto nella storia della sanit\u00e0 italiana\u2026[\/vc_column_text][vc_btn title=&#8221;leggi tutto&#8221; shape=&#8221;square&#8221; color=&#8221;white&#8221; size=&#8221;xs&#8221; align=&#8221;left&#8221; i_type=&#8221;typicons&#8221; i_icon_typicons=&#8221;typcn typcn-document-text&#8221; add_icon=&#8221;true&#8221; link=&#8221;url:https%3A%2F%2Fwww.fondazionedonatcattin.it%2F%3Fpage_id%3D15090||target:%20_blank|&#8221;][\/vc_column][vc_column width=&#8221;1\/5&#8243; css=&#8221;.vc_custom_1626865103980{padding-top: 15px !important;background-color: #f4f4f4 !important;}&#8221;][vc_single_image image=&#8221;15107&#8243; img_size=&#8221;600&#215;340&#8243;][vc_column_text]<\/p>\n<h5><strong>\u25a9 MEMORIA<\/strong><\/h5>\n<p>[\/vc_column_text][vc_custom_heading text=&#8221;2 settembre 2023&#8243; font_container=&#8221;tag:h3|text_align:left&#8221; use_theme_fonts=&#8221;yes&#8221; css=&#8221;.vc_custom_1694022361848{margin-bottom: 10px !important;}&#8221;][vc_column_text]Monsignor Ghiberti: una vita dedicata a Dio, alla Parola, al mistero della Sindone. La Fondazione Carlo Donat-Cattin ricorda con grande riconoscenza mons. Ghiberti rappresentante nel suo CdA per l\u2019arcidiocesi di Torino dal 2011.[\/vc_column_text][vc_btn title=&#8221;leggi tutto&#8221; shape=&#8221;square&#8221; color=&#8221;white&#8221; size=&#8221;xs&#8221; align=&#8221;left&#8221; i_type=&#8221;typicons&#8221; i_icon_typicons=&#8221;typcn typcn-document-text&#8221; add_icon=&#8221;true&#8221; link=&#8221;url:https%3A%2F%2Fwww.fondazionedonatcattin.it%2F%3Fpage_id%3D15102||target:%20_blank|&#8221;][\/vc_column][vc_column width=&#8221;1\/5&#8243; css=&#8221;.vc_custom_1627309518295{padding-top: 15px !important;background-color: #f4f4f4 !important;}&#8221;][vc_single_image image=&#8221;15130&#8243; img_size=&#8221;600&#215;340&#8243;][vc_column_text]<\/p>\n<h5><strong>\u25a9 MOSTRE<\/strong><\/h5>\n<p>[\/vc_column_text][vc_custom_heading text=&#8221;8 settembre &#8211; 8 ottobre&#8221; font_container=&#8221;tag:h3|text_align:left&#8221; use_theme_fonts=&#8221;yes&#8221; css=&#8221;.vc_custom_1693933128900{margin-bottom: 10px !important;}&#8221;][vc_column_text]Dai medici condotti al SSN. Mostra a cura di Centro Italiano di Storia Sanitaria e Ospitaliera. Archivio Scientifico e Tecnologico dell\u2019Universit\u00e0 di Torino.[\/vc_column_text][vc_btn title=&#8221;leggi tutto&#8221; shape=&#8221;square&#8221; color=&#8221;white&#8221; size=&#8221;xs&#8221; align=&#8221;left&#8221; i_type=&#8221;typicons&#8221; i_icon_typicons=&#8221;typcn typcn-document-text&#8221; add_icon=&#8221;true&#8221; link=&#8221;url:https%3A%2F%2Fwww.fondazionedonatcattin.it%2F%3Fpage_id%3D15110||target:%20_blank|&#8221;][\/vc_column][vc_column width=&#8221;1\/5&#8243; css=&#8221;.vc_custom_1631103095298{padding-top: 15px !important;background-color: #f4f4f4 !important;}&#8221;][vc_single_image image=&#8221;15184&#8243; img_size=&#8221;600&#215;340&#8243;][vc_column_text]<\/p>\n<h5><strong>\u25a9 DIBATTITI<\/strong><\/h5>\n<p>[\/vc_column_text][vc_custom_heading text=&#8221;8 settembre 2023&#8243; font_container=&#8221;tag:h3|text_align:left&#8221; use_theme_fonts=&#8221;yes&#8221; css=&#8221;.vc_custom_1694078414279{margin-bottom: 10px !important;}&#8221;][vc_column_text]&#8221;Disobbedire&#8221;, lectio magistralis di Giuseppe Filippetta, per il progetto &#8220;80 Resistenza | Disobbedire. Combattere. Sognare&#8221;, coordinato da ISTORETO. Il progetto ha coinvolto fin da subito la Fondazione Carlo Donat-Cattin\u2026[\/vc_column_text][vc_btn title=&#8221;leggi tutto&#8221; shape=&#8221;square&#8221; color=&#8221;white&#8221; size=&#8221;xs&#8221; align=&#8221;left&#8221; i_type=&#8221;typicons&#8221; i_icon_typicons=&#8221;typcn typcn-document-text&#8221; add_icon=&#8221;true&#8221; link=&#8221;url:https%3A%2F%2Fwww.fondazionedonatcattin.it%2F%3Fpage_id%3D15160||target:%20_blank|&#8221;][\/vc_column][\/vc_row][vc_row gap=&#8221;10&#8243;][vc_column width=&#8221;1\/5&#8243; css=&#8221;.vc_custom_1631103095298{padding-top: 15px !important;background-color: #f4f4f4 !important;}&#8221;][vc_single_image image=&#8221;15128&#8243; img_size=&#8221;600&#215;340&#8243;][vc_column_text]<\/p>\n<h5><strong>\u25a9 DIBATTITI<\/strong><\/h5>\n<p>[\/vc_column_text][vc_custom_heading text=&#8221;11 settembre 2023&#8243; font_container=&#8221;tag:h3|text_align:left&#8221; use_theme_fonts=&#8221;yes&#8221; css=&#8221;.vc_custom_1694078395472{margin-bottom: 10px !important;}&#8221;][vc_column_text]A cinquant\u2019anni dal golpe che l\u201911 settembre 1973 port\u00f2 alla morte di Salvador Allende e all\u2019inizio della dittatura militare in Cile, il Polo del \u2019900 ospita un pomeriggio di approfondimento e memoria.[\/vc_column_text][vc_btn title=&#8221;leggi tutto&#8221; shape=&#8221;square&#8221; color=&#8221;white&#8221; size=&#8221;xs&#8221; align=&#8221;left&#8221; i_type=&#8221;typicons&#8221; i_icon_typicons=&#8221;typcn typcn-document-text&#8221; add_icon=&#8221;true&#8221; link=&#8221;url:https%3A%2F%2Fwww.fondazionedonatcattin.it%2F%3Fpage_id%3D15116||target:%20_blank|&#8221;][\/vc_column][vc_column width=&#8221;1\/5&#8243; css=&#8221;.vc_custom_1628415354512{padding-top: 15px !important;background-color: #f4f4f4 !important;border-radius: 5px !important;}&#8221;][vc_single_image image=&#8221;15195&#8243; img_size=&#8221;600&#215;340&#8243;][vc_column_text]<\/p>\n<h5><strong>\u25a9 INCONTRI CON GLI AUTORI<br \/>\n<\/strong><\/h5>\n<p>[\/vc_column_text][vc_custom_heading text=&#8221;23 settembre 2023&#8243; font_container=&#8221;tag:h3|text_align:left&#8221; use_theme_fonts=&#8221;yes&#8221; css=&#8221;.vc_custom_1695641516752{margin-bottom: 10px !important;}&#8221;][vc_column_text]Udine, presentazione del libro &#8220;Un riformista al governo. Carlo Donat-Cattin ministro del centro-sinistra (1963-1978)&#8221; nell\u2019ambito della rassegna \u201cAscoltare leggere crescere, Incontri con l\u2019editoria religiosa\u201d XVII edizione.[\/vc_column_text][vc_btn title=&#8221;leggi tutto&#8221; shape=&#8221;square&#8221; color=&#8221;white&#8221; size=&#8221;xs&#8221; align=&#8221;left&#8221; i_type=&#8221;typicons&#8221; i_icon_typicons=&#8221;typcn typcn-document-text&#8221; add_icon=&#8221;true&#8221; link=&#8221;url:https%3A%2F%2Fwww.fondazionedonatcattin.it%2F%3Fpage_id%3D15133||target:%20_blank|&#8221;][\/vc_column][vc_column width=&#8221;1\/5&#8243; css=&#8221;.vc_custom_1626865103980{padding-top: 15px !important;background-color: #f4f4f4 !important;}&#8221;][vc_single_image image=&#8221;15274&#8243; img_size=&#8221;600&#215;340&#8243;][vc_column_text]<\/p>\n<h5><strong>\u25a9 SPETTACOLI<br \/>\n<\/strong><\/h5>\n<p>[\/vc_column_text][vc_custom_heading text=&#8221;29 settembre 2023&#8243; font_container=&#8221;tag:h3|text_align:left&#8221; use_theme_fonts=&#8221;yes&#8221; css=&#8221;.vc_custom_1695641916665{margin-bottom: 10px !important;}&#8221;][vc_column_text]Domani si vive e si muore &#8211; Gli inediti di Michele Straniero. Presentazione nazionale del cd e booklet dove Michele L. Straniero rivive attraverso una serie di scritti inediti musicati e cantati da Michele Gazich e Federico Sirianni.[\/vc_column_text][vc_btn title=&#8221;leggi tutto&#8221; shape=&#8221;square&#8221; color=&#8221;white&#8221; size=&#8221;xs&#8221; align=&#8221;left&#8221; i_type=&#8221;typicons&#8221; i_icon_typicons=&#8221;typcn typcn-document-text&#8221; add_icon=&#8221;true&#8221; link=&#8221;url:https%3A%2F%2Fwww.fondazionedonatcattin.it%2F%3Fpage_id%3D15261||target:%20_blank|&#8221;][\/vc_column][vc_column width=&#8221;1\/5&#8243; css=&#8221;.vc_custom_1628415317745{padding-top: 15px !important;background-color: #f4f4f4 !important;border-radius: 5px !important;}&#8221;][vc_single_image image=&#8221;15128&#8243; img_size=&#8221;600&#215;340&#8243;][vc_column_text]<\/p>\n<h5><strong>\u25a9 CONVEGNI<\/strong><\/h5>\n<p>[\/vc_column_text][vc_custom_heading text=&#8221;11 ottobre 2023&#8243; font_container=&#8221;tag:h3|text_align:left&#8221; use_theme_fonts=&#8221;yes&#8221; css=&#8221;.vc_custom_1721665535448{margin-bottom: 10px !important;}&#8221;][vc_column_text]Santiago-Torino-Santiago, una giornata di approfondimento e riflessione storiografica sul golpe in Cile e sul modo in cui gli eventi cileni influenzarono il dibattito e l\u2019attivit\u00e0 di differenti soggetti politici, sindacali e culturali in Italia e a Torino.[\/vc_column_text][vc_btn title=&#8221;leggi tutto&#8221; shape=&#8221;square&#8221; color=&#8221;white&#8221; size=&#8221;xs&#8221; align=&#8221;left&#8221; i_type=&#8221;typicons&#8221; i_icon_typicons=&#8221;typcn typcn-document-text&#8221; add_icon=&#8221;true&#8221; link=&#8221;url:%2F%3Fpage_id%3D16871||target:%20_blank|&#8221;][\/vc_column][vc_column width=&#8221;1\/5&#8243; css=&#8221;.vc_custom_1627309518295{padding-top: 15px !important;background-color: #f4f4f4 !important;}&#8221;][vc_single_image image=&#8221;15317&#8243; img_size=&#8221;600&#215;340&#8243;][vc_column_text]<\/p>\n<h5><strong>\u25a9 SPETTACOLI<br \/>\n<\/strong><\/h5>\n<p>[\/vc_column_text][vc_custom_heading text=&#8221;15 ottobre 2023&#8243; font_container=&#8221;tag:h3|text_align:left&#8221; use_theme_fonts=&#8221;yes&#8221; css=&#8221;.vc_custom_1696676717344{margin-bottom: 10px !important;}&#8221;][vc_column_text]Impegno e leggerezza nell\u2019omaggio che la Fondazione ha voluto dedicare a <strong>Italo Calvino<\/strong>, a 100 anni esatti dalla sua nascita. Recital in concerto di e con <strong>Maria Rosaria Omaggio,<\/strong> voce recitante \u2013 regia \u2013 suoni vari, <strong>Grazia Di Michele, <\/strong>canzoni \u2013 canto \u2013 chitarra.<strong><br \/>\n<\/strong>[\/vc_column_text][vc_btn title=&#8221;leggi tutto&#8221; shape=&#8221;square&#8221; color=&#8221;white&#8221; size=&#8221;xs&#8221; align=&#8221;left&#8221; i_type=&#8221;typicons&#8221; i_icon_typicons=&#8221;typcn typcn-document-text&#8221; add_icon=&#8221;true&#8221; link=&#8221;url:https%3A%2F%2Fwww.fondazionedonatcattin.it%2F%3Fpage_id%3D15300||target:%20_blank|&#8221;][\/vc_column][\/vc_row][vc_row gap=&#8221;10&#8243;][vc_column width=&#8221;1\/5&#8243; css=&#8221;.vc_custom_1631103095298{padding-top: 15px !important;background-color: #f4f4f4 !important;}&#8221;][vc_single_image image=&#8221;15466&#8243; img_size=&#8221;600&#215;340&#8243;][vc_column_text]<\/p>\n<h5><strong>\u25a9 PERSONAGGI E AVVENIMENTI<br \/>\n<\/strong><\/h5>\n<p>[\/vc_column_text][vc_custom_heading text=&#8221;5 novembre 2023&#8243; font_container=&#8221;tag:h3|text_align:left&#8221; use_theme_fonts=&#8221;yes&#8221; css=&#8221;.vc_custom_1725881668215{margin-bottom: 10px !important;}&#8221;][vc_column_text]Poco pi\u00f9 di cinquant\u2019anni fa, per la precisione il 28 aprile 1973, moriva il filosofo Jacques Maritain. Esponente di rilievo della filosofia francese contemporanea e del neotomismo, il suo percorso esistenziale e intellettuale\u2026[\/vc_column_text][vc_btn title=&#8221;leggi tutto&#8221; shape=&#8221;square&#8221; color=&#8221;white&#8221; size=&#8221;xs&#8221; align=&#8221;left&#8221; i_type=&#8221;typicons&#8221; i_icon_typicons=&#8221;typcn typcn-document-text&#8221; add_icon=&#8221;true&#8221; link=&#8221;url:https%3A%2F%2Fwww.fondazionedonatcattin.it%2F%3Fpage_id%3D15371||target:%20_blank|&#8221;][\/vc_column][vc_column width=&#8221;1\/5&#8243; css=&#8221;.vc_custom_1628415354512{padding-top: 15px !important;background-color: #f4f4f4 !important;border-radius: 5px !important;}&#8221;][vc_single_image image=&#8221;15449&#8243; img_size=&#8221;600&#215;340&#8243;][vc_column_text]<\/p>\n<h5><strong>\u25a9 CONVEGNI<br \/>\n<\/strong><\/h5>\n<p>[\/vc_column_text][vc_custom_heading text=&#8221;7 novembre 2023&#8243; font_container=&#8221;tag:h3|text_align:left&#8221; use_theme_fonts=&#8221;yes&#8221; css=&#8221;.vc_custom_1701427144311{margin-bottom: 10px !important;}&#8221;][vc_column_text]Giovani Idee per l\u2019Europa. Confronto intergenerazionale sui temi: LAVORO\/ECONOMIA, AMBIENTE, CULTURA \/ISTRUZIONE e il ruolo che compete ai giovani di oggi nel processo di integrazione verso un\u2019Europa dei Popoli.[\/vc_column_text][vc_btn title=&#8221;leggi tutto&#8221; shape=&#8221;square&#8221; color=&#8221;white&#8221; size=&#8221;xs&#8221; align=&#8221;left&#8221; i_type=&#8221;typicons&#8221; i_icon_typicons=&#8221;typcn typcn-document-text&#8221; add_icon=&#8221;true&#8221; link=&#8221;url:https%3A%2F%2Fwww.fondazionedonatcattin.it%2F%3Fpage_id%3D15432||target:%20_blank|&#8221;][\/vc_column][vc_column width=&#8221;1\/5&#8243; css=&#8221;.vc_custom_1626865103980{padding-top: 15px !important;background-color: #f4f4f4 !important;}&#8221;][vc_single_image image=&#8221;15507&#8243; img_size=&#8221;600&#215;340&#8243;][vc_column_text]<\/p>\n<h5><strong>\u25a9 PERSONAGGI E AVVENIMENTI<br \/>\n<\/strong><\/h5>\n<p>[\/vc_column_text][vc_custom_heading text=&#8221;22 novembre 2023&#8243; font_container=&#8221;tag:h3|text_align:left&#8221; use_theme_fonts=&#8221;yes&#8221; css=&#8221;.vc_custom_1702319078182{margin-bottom: 10px !important;}&#8221;][vc_column_text]&#8221;Il presidente \u00e8 abbattuto da tre colpi di fucile, sparati da Lee Harvey Oswald, militare statunitense ucciso il 24 novembre da Jack Ruby nella centrale di polizia di Dallas in Texas&#8221;. Di Pier Giuseppe Accornero (La Voce e Il Tempo, 23 novembre 2023).[\/vc_column_text][vc_btn title=&#8221;leggi tutto&#8221; shape=&#8221;square&#8221; color=&#8221;white&#8221; size=&#8221;xs&#8221; align=&#8221;left&#8221; i_type=&#8221;typicons&#8221; i_icon_typicons=&#8221;typcn typcn-document-text&#8221; add_icon=&#8221;true&#8221; link=&#8221;url:https%3A%2F%2Fwww.fondazionedonatcattin.it%2F%3Fpage_id%3D15400||target:%20_blank|&#8221;][\/vc_column][vc_column width=&#8221;1\/5&#8243; css=&#8221;.vc_custom_1627309518295{padding-top: 15px !important;background-color: #f4f4f4 !important;}&#8221;][vc_single_image image=&#8221;15511&#8243; img_size=&#8221;600&#215;340&#8243;][vc_column_text]<\/p>\n<h5><strong>\u25a9 PERSONAGGI E AVVENIMENTI<br \/>\n<\/strong><\/h5>\n<p>[\/vc_column_text][vc_custom_heading text=&#8221;22 novembre 2023&#8243; font_container=&#8221;tag:h3|text_align:left&#8221; use_theme_fonts=&#8221;yes&#8221; css=&#8221;.vc_custom_1702319078182{margin-bottom: 10px !important;}&#8221;][vc_column_text]Nel terzo anno di pontificato di Giovanni XXIII il 45enne John Fitzgerald Kennedy, nel novembre 1960, \u00e8 eletto presidente degli Stati Uniti e si insedia il 20 gennaio 1961. (Pier Giuseppe Accornero, La Voce e Il Tempo, 23 novembre 2023).[\/vc_column_text][vc_btn title=&#8221;leggi tutto&#8221; shape=&#8221;square&#8221; color=&#8221;white&#8221; size=&#8221;xs&#8221; align=&#8221;left&#8221; i_type=&#8221;typicons&#8221; i_icon_typicons=&#8221;typcn typcn-document-text&#8221; add_icon=&#8221;true&#8221; link=&#8221;url:https%3A%2F%2Fwww.fondazionedonatcattin.it%2F%3Fpage_id%3D15409||target:%20_blank|&#8221;][\/vc_column][vc_column width=&#8221;1\/5&#8243; css=&#8221;.vc_custom_1628415317745{padding-top: 15px !important;background-color: #f4f4f4 !important;border-radius: 5px !important;}&#8221;][vc_single_image image=&#8221;15503&#8243; img_size=&#8221;600&#215;340&#8243;][vc_column_text]<\/p>\n<h5><strong>\u25a9 CONVEGNO<br \/>\n<\/strong><\/h5>\n<p>[\/vc_column_text][vc_custom_heading text=&#8221;4 dicembre 2023&#8243; font_container=&#8221;tag:h3|text_align:left&#8221; use_theme_fonts=&#8221;yes&#8221; css=&#8221;.vc_custom_1702317458691{margin-bottom: 10px !important;}&#8221;][vc_column_text]Sandro Fontana, difese i ceti popolari, fu un autorevole esponente del cattolicesimo sociale, erede dei valori e dei principii fondanti del \u00abpartito di liberi e forti\u00bb. A Brescia \u00e8 ricordato nel convegno \u00abSandro Fontana, l&#8217;attualit\u00e0 di un cattolico popolare\u00bb.[\/vc_column_text][vc_btn title=&#8221;leggi tutto&#8221; shape=&#8221;square&#8221; color=&#8221;white&#8221; size=&#8221;xs&#8221; align=&#8221;left&#8221; i_type=&#8221;typicons&#8221; i_icon_typicons=&#8221;typcn typcn-document-text&#8221; add_icon=&#8221;true&#8221; link=&#8221;url:https%3A%2F%2Fwww.fondazionedonatcattin.it%2F%3Fpage_id%3D15477||target:%20_blank|&#8221;][\/vc_column][\/vc_row][vc_row gap=&#8221;10&#8243;][vc_column width=&#8221;1\/5&#8243; css=&#8221;.vc_custom_1628415317745{padding-top: 15px !important;background-color: #f4f4f4 !important;border-radius: 5px !important;}&#8221;][vc_single_image image=&#8221;15515&#8243; img_size=&#8221;600&#215;340&#8243;][vc_column_text]<\/p>\n<h5><strong>\u25a9 INCONTRI CON GLI AUTORI<br \/>\n<\/strong><\/h5>\n<p>[\/vc_column_text][vc_custom_heading text=&#8221;15 dicembre 2023&#8243; font_container=&#8221;tag:h3|text_align:left&#8221; use_theme_fonts=&#8221;yes&#8221; css=&#8221;.vc_custom_1702320298464{margin-bottom: 10px !important;}&#8221;][vc_column_text]Luigi Berzano, <em>Senza pi\u00f9 la domenica. Viaggio nella spiritualit\u00e0 secolarizzata<\/em>, Effat\u00e0 editrice, 2023.\u00a0 La Fondazione avvia un percorso laboratoriale che parte dall\u2019Enciclica Laudato si&#8217; e dall\u2019Esortazione Apostolica Laudate Deum di Papa Francesco.[\/vc_column_text][vc_btn title=&#8221;leggi tutto&#8221; shape=&#8221;square&#8221; color=&#8221;white&#8221; size=&#8221;xs&#8221; align=&#8221;left&#8221; i_type=&#8221;typicons&#8221; i_icon_typicons=&#8221;typcn typcn-document-text&#8221; add_icon=&#8221;true&#8221; link=&#8221;url:https%3A%2F%2Fwww.fondazionedonatcattin.it%2F%3Fpage_id%3D15520||target:%20_blank|&#8221;][\/vc_column][vc_column width=&#8221;1\/5&#8243; css=&#8221;.vc_custom_1631103095298{padding-top: 15px !important;background-color: #f4f4f4 !important;}&#8221;][\/vc_column][vc_column width=&#8221;1\/5&#8243; css=&#8221;.vc_custom_1626865103980{padding-top: 15px !important;background-color: #f4f4f4 !important;}&#8221;][\/vc_column][vc_column width=&#8221;1\/5&#8243; css=&#8221;.vc_custom_1627309518295{padding-top: 15px !important;background-color: #f4f4f4 !important;}&#8221;][\/vc_column][vc_column width=&#8221;1\/5&#8243; css=&#8221;.vc_custom_1628415354512{padding-top: 15px !important;background-color: #f4f4f4 !important;border-radius: 5px !important;}&#8221;][\/vc_column][\/vc_row]<\/p>\n","protected":false},"excerpt":{"rendered":"<p>[vc_row][vc_column][vc_column_text el_class=&#8221;titolo-pagina&#8221;] [\/vc_column_text][vc_single_image image=&#8221;15769&#8243; img_size=&#8221;full&#8221;][\/vc_column][\/vc_row][vc_row][vc_column][vc_column_text] Eventi e attivit\u00e0 2023 [\/vc_column_text][vc_column_text]Convegni, Dibattiti, Didattica, Eventi, Incontri con gli autori, Letture, Memoria, Mostre, Pubblicazioni, Ricerche, Seminari, Spettacoli.[\/vc_column_text][vc_column_text]2026&#8211; 2025 &#8211; 2024 &#8211; 2023 &#8211; 2022 &#8211; 2021 &#8211; 2020 &#8211; 2019 &#8211; 2018 &#8211; 2017 &#8211; 2016 &#8211; 2015 &#8211; 2014 &#8211; 2013 &#8211; 2012 &#8211; 2011 &#8211; 2010 [&hellip;]<\/p>\n","protected":false},"author":11,"featured_media":0,"parent":0,"menu_order":0,"comment_status":"closed","ping_status":"closed","template":"","meta":{"footnotes":""},"_links":{"self":[{"href":"https:\/\/www.fondazionedonatcattin.it\/index.php?rest_route=\/wp\/v2\/pages\/13504"}],"collection":[{"href":"https:\/\/www.fondazionedonatcattin.it\/index.php?rest_route=\/wp\/v2\/pages"}],"about":[{"href":"https:\/\/www.fondazionedonatcattin.it\/index.php?rest_route=\/wp\/v2\/types\/page"}],"author":[{"embeddable":true,"href":"https:\/\/www.fondazionedonatcattin.it\/index.php?rest_route=\/wp\/v2\/users\/11"}],"replies":[{"embeddable":true,"href":"https:\/\/www.fondazionedonatcattin.it\/index.php?rest_route=%2Fwp%2Fv2%2Fcomments&post=13504"}],"version-history":[{"count":1,"href":"https:\/\/www.fondazionedonatcattin.it\/index.php?rest_route=\/wp\/v2\/pages\/13504\/revisions"}],"predecessor-version":[{"id":18654,"href":"https:\/\/www.fondazionedonatcattin.it\/index.php?rest_route=\/wp\/v2\/pages\/13504\/revisions\/18654"}],"wp:attachment":[{"href":"https:\/\/www.fondazionedonatcattin.it\/index.php?rest_route=%2Fwp%2Fv2%2Fmedia&parent=13504"}],"curies":[{"name":"wp","href":"https:\/\/api.w.org\/{rel}","templated":true}]}}