{"id":13233,"date":"2021-04-29T17:10:29","date_gmt":"2021-04-29T15:10:29","guid":{"rendered":"https:\/\/www.fondazionedonatcattin.it\/?page_id=13233"},"modified":"2022-12-15T19:35:23","modified_gmt":"2022-12-15T18:35:23","slug":"attivita-20-2-3-2-2-2-3-2-3-2-4-2-3-2-2-3-2-5-2-2-3-5-2-2-3-3-2-3-3-2-3-2-2-2-2-2-2-2-2-3-2-2-2-2-2-5-4","status":"publish","type":"page","link":"https:\/\/www.fondazionedonatcattin.it\/?page_id=13233","title":{"rendered":"Carlo Donat-Cattin e Torino  &#8211;  pubblicazioni"},"content":{"rendered":"<p>[vc_row disable_element=&#8221;yes&#8221;][vc_column][vc_single_image image=&#8221;12830&#8243; img_size=&#8221;full&#8221;][\/vc_column][\/vc_row][vc_row][vc_column width=&#8221;1\/6&#8243;][vc_column_text]<span style=\"color: #993300;\"><strong>Presentazione<\/strong><\/span><\/p>\n<p><span style=\"color: #000000;\"><a style=\"color: #000000;\" href=\"https:\/\/www.fondazionedonatcattin.it\/?page_id=1210\"><strong>Torino<br \/>\nLuned\u00ec 18 luglio 2011<\/strong><\/a><\/span>[\/vc_column_text][\/vc_column][vc_column width=&#8221;2\/3&#8243;][vc_row_inner][vc_column_inner width=&#8221;1\/4&#8243;][vc_single_image image=&#8221;11672&#8243; img_size=&#8221;300&#215;450&#8243; style=&#8221;vc_box_shadow_3d&#8221; onclick=&#8221;link_image&#8221;][\/vc_column_inner][vc_column_inner width=&#8221;3\/4&#8243;][vc_column_text]<strong>Aa.Vv.<\/strong><\/p>\n<p><span style=\"color: #993300;\"><strong>Carlo Donat-Cattin e Torino<\/strong><\/span><\/p>\n<p>Giornalista sindacalista amministratore pubblico<br \/>\nScritti 1945-1958<\/p>\n<p>Saggi di <strong>G. Bracco<\/strong>, <strong>W. E. Crivellin<\/strong>, <strong>S. Musso<\/strong>.<\/p>\n<p>Prefazione di <strong>B. del Colle<\/strong><\/p>\n<p>Edizioni Lavoro, Roma 2011<br \/>\n296 pp. EAN\u00a09788873133209[\/vc_column_text][\/vc_column_inner][\/vc_row_inner][vc_column_text]<\/p>\n<p style=\"text-align: justify;\">Una vita legata a Torino, alla nascita della Cisl, al confronto spesso duro con la Fiat, all\u2019ondata biblica dell&#8217;immigrazione vissuta come consigliere comunale e provinciale. Carlo Donat-Cattin, sindacalista, amministratore pubblico e prima ancora giornalista, capace di analizzare e denunciare i problemi di un mondo uscito dalle macerie della guerra ed avviato verso il miracolo economico, \u00e8 il protagonista di questi tre saggi, che abbracciano gli anni quaranta e cinquanta del XX secolo. Dai suoi articoli e scritti, qui proposti e analizzati, emerge con forza una fase decisiva per la crescita industriale e per la trasformazione di Torino da citt\u00e0 a metropoli, cos\u00ec come si scoprono le radici culturali e politiche di colui che diventer\u00e0 a partire dagli anni sessanta, un leader nazionale. Prefazione del giornalista Beppe Del Colle.<\/p>\n<p>[\/vc_column_text][\/vc_column][vc_column width=&#8221;1\/6&#8243;][vc_column_text]<span style=\"color: #993300;\"><strong>Rassegna stampa<\/strong><\/span><\/p>\n<p><a href=\"https:\/\/www.quotidianopiemontese.it\/2011\/07\/18\/le-radici-del-cattolicesimo-sociale-di-donat-cattin-il-saggio-di-bracco-crivellin-e-musso\/\"><strong><span style=\"color: #000000;\">Quotidiano Piemontese<\/span><\/strong><br \/>\n<span style=\"color: #000000;\">18 luglio 2011<\/span><\/a>[\/vc_column_text][\/vc_column][\/vc_row]<\/p>\n","protected":false},"excerpt":{"rendered":"<p>[vc_row disable_element=&#8221;yes&#8221;][vc_column][vc_single_image image=&#8221;12830&#8243; img_size=&#8221;full&#8221;][\/vc_column][\/vc_row][vc_row][vc_column width=&#8221;1\/6&#8243;][vc_column_text]Presentazione Torino Luned\u00ec 18 luglio 2011[\/vc_column_text][\/vc_column][vc_column width=&#8221;2\/3&#8243;][vc_row_inner][vc_column_inner width=&#8221;1\/4&#8243;][vc_single_image image=&#8221;11672&#8243; img_size=&#8221;300&#215;450&#8243; style=&#8221;vc_box_shadow_3d&#8221; onclick=&#8221;link_image&#8221;][\/vc_column_inner][vc_column_inner width=&#8221;3\/4&#8243;][vc_column_text]Aa.Vv. Carlo Donat-Cattin e Torino Giornalista sindacalista amministratore pubblico Scritti 1945-1958 Saggi di G. Bracco, W. E. Crivellin, S. Musso. Prefazione di B. del Colle Edizioni Lavoro, Roma 2011 296 pp. EAN\u00a09788873133209[\/vc_column_text][\/vc_column_inner][\/vc_row_inner][vc_column_text] Una vita legata a Torino, alla nascita [&hellip;]<\/p>\n","protected":false},"author":11,"featured_media":0,"parent":0,"menu_order":0,"comment_status":"closed","ping_status":"closed","template":"","meta":{"footnotes":""},"_links":{"self":[{"href":"https:\/\/www.fondazionedonatcattin.it\/index.php?rest_route=\/wp\/v2\/pages\/13233"}],"collection":[{"href":"https:\/\/www.fondazionedonatcattin.it\/index.php?rest_route=\/wp\/v2\/pages"}],"about":[{"href":"https:\/\/www.fondazionedonatcattin.it\/index.php?rest_route=\/wp\/v2\/types\/page"}],"author":[{"embeddable":true,"href":"https:\/\/www.fondazionedonatcattin.it\/index.php?rest_route=\/wp\/v2\/users\/11"}],"replies":[{"embeddable":true,"href":"https:\/\/www.fondazionedonatcattin.it\/index.php?rest_route=%2Fwp%2Fv2%2Fcomments&post=13233"}],"version-history":[{"count":0,"href":"https:\/\/www.fondazionedonatcattin.it\/index.php?rest_route=\/wp\/v2\/pages\/13233\/revisions"}],"wp:attachment":[{"href":"https:\/\/www.fondazionedonatcattin.it\/index.php?rest_route=%2Fwp%2Fv2%2Fmedia&parent=13233"}],"curies":[{"name":"wp","href":"https:\/\/api.w.org\/{rel}","templated":true}]}}