{"id":1169,"date":"2018-03-13T12:23:29","date_gmt":"2018-03-13T11:23:29","guid":{"rendered":"http:\/\/www.fondazionedonatcattin.it\/?page_id=1169"},"modified":"2022-07-23T08:33:45","modified_gmt":"2022-07-23T06:33:45","slug":"attivita-16-4-3-6-2-6-3-5-2-5-6-5-3-2-2-3","status":"publish","type":"page","link":"https:\/\/www.fondazionedonatcattin.it\/?page_id=1169","title":{"rendered":"2012 &#8211; 21 settembre"},"content":{"rendered":"<p>[vc_row][vc_column width=&#8221;1\/6&#8243;][\/vc_column][vc_column width=&#8221;2\/3&#8243;][vc_column_text]<\/p>\n<h2 style=\"text-align: justify;\"><span style=\"color: #993300;\"><strong>Saluto a Giovanni Porcellana<\/strong><\/span><\/h2>\n<p style=\"text-align: justify;\">21 settembre 2012<\/p>\n<p class=\"style35\" style=\"text-align: justify;\" align=\"center\"><strong>Giovanni non amava le commemorazioni lunghe e per evitare di farlo arrabbiare sar\u00f2 sintetico. Come non amava le autocelebrazioni: cos\u00ec non ricorder\u00f2 cose da lui fatte ma user\u00f2 pochi esempi, che hanno profondamente condizionato il mio carattere, per indicare 4 insegnamenti che ci ha lasciato, che mi ha lasciato.<\/strong><\/p>\n<p class=\"style35\" style=\"text-align: justify;\" align=\"center\">Conoscere Giovanni, per me, giovane consigliere comunale, rappresent\u00f2 un\u2019autentica fortuna. L\u2019entusiasmo, la novit\u00e0 alla quale sei impreparato, i protocolli, i privilegi, possono far perdere l\u2019orientamento a molti, se non sono accompagnati da una guida solida, affidabile, competente. Lo definivano un leone: odiato, temuto, rispettato, amato\u2026 uomo d\u2019azione, operativo. Ma quando prendeva la parola in Sala Rossa, attirava l\u2019attenzione e il silenzio di tutti, il rispetto anche di chi (non pensandola come lui) riconosceva nelle sue parole onest\u00e0 intellettuale e giustizia sociale.<\/p>\n<p class=\"style35\" style=\"text-align: justify;\" align=\"center\">La prima cosa che mi diede da fare appena insediati nel maggio del 1997 (per lui fu il rientro a Torino da Moncalieri; per me la prima esperienza in Sala Rossa) fu quella di studiare lo Statuto della Citt\u00e0 ed il suo regolamento. \u201cNon puoi combattere le tue battaglie se non conosci le regole. Le tue ragioni potrebbero essere le migliori del mondo ma, le perderesti.\u201d Affrontare preparati gli impegni, mai superficialmente: leggere, studiare ogni singolo atto, ogni delibera; non improvvisare, perch\u00e9 l\u2019interesse pubblico pretende rigore. Come seconda cosa mi mand\u00f2, alla fine dell\u2019estate dello stesso 1997, con una delegazione di scuole, nei luoghi della memoria a visitare i campi di concentramento nazisti: \u201cper non dimenticare\u201d, mi disse.<\/p>\n<p class=\"style35\" style=\"text-align: justify;\" align=\"center\">Ed infine, il suo testamento politico. Due precetti per evitare che il canto delle \u201csirene\u201d potesse distrarmi dall\u2019impegno amministrativo. Il primo: \u201cmantieni i piedi per terra. Considera che tutti i privilegi (dal saluto del corpo di guardia all\u2019accesso agli eventi, auto, telefoni, \u2026 oggi tutti aspetti che sono finiti sotto la lente delle cose superflue) sono legati al ruolo e non alla tua bella faccia. Non ti abituare, anzi impara a rinunciare, a farne a meno: perch\u00e9 quando non sarai pi\u00f9 in Sala Rossa, nessuno si ricorder\u00e0 pi\u00f9 di te.\u201d<br \/>\nIl secondo: \u201cnon abbandonare mai il tuo lavoro. Rappresenta la tua indipendenza, l\u2019autonomia dalla politica. Nessuno ti potr\u00e0 costringere a fare cose che non vuoi fare, se non sei ricattato dall\u2019ansia della rielezione. Io ho lavorato facendo il sindaco (arrivavo in comune guidando la mia \u201c128\u201d, senza autista): questo mi \u00e8 costato 4 bypass, ma sono rimasto un uomo libero!\u201d. Tutto finir\u00e0: preparati fin da ora, per non penare domani.<\/p>\n<p class=\"style35\" style=\"text-align: justify;\" align=\"center\">Insegnamenti questi che non mi hanno aiutato nel \u201cfare\u201d la politica di oggi (perch\u00e9 anacronistici\u201d) ma ai quali mi sono spesso ispirato nel tentativo di gestire al meglio le cose che mi sono state affidate.<\/p>\n<p class=\"style35\" style=\"text-align: justify;\" align=\"center\">Incredibile amministratore, cattolico devoto, attaccatissimo alla sua famiglia: un uomo giusto.<\/p>\n<p class=\"style35\" style=\"text-align: left;\" align=\"center\">Torino, 19 settembre 2012<br \/>\n<em>Marco Borgione<\/em>[\/vc_column_text][\/vc_column][vc_column width=&#8221;1\/6&#8243;][\/vc_column][\/vc_row]<\/p>\n","protected":false},"excerpt":{"rendered":"<p>[vc_row][vc_column width=&#8221;1\/6&#8243;][\/vc_column][vc_column width=&#8221;2\/3&#8243;][vc_column_text] Saluto a Giovanni Porcellana 21 settembre 2012 Giovanni non amava le commemorazioni lunghe e per evitare di farlo arrabbiare sar\u00f2 sintetico. Come non amava le autocelebrazioni: cos\u00ec non ricorder\u00f2 cose da lui fatte ma user\u00f2 pochi esempi, che hanno profondamente condizionato il mio carattere, per indicare 4 insegnamenti che ci ha lasciato, [&hellip;]<\/p>\n","protected":false},"author":1,"featured_media":0,"parent":490,"menu_order":0,"comment_status":"closed","ping_status":"closed","template":"","meta":{"footnotes":""},"_links":{"self":[{"href":"https:\/\/www.fondazionedonatcattin.it\/index.php?rest_route=\/wp\/v2\/pages\/1169"}],"collection":[{"href":"https:\/\/www.fondazionedonatcattin.it\/index.php?rest_route=\/wp\/v2\/pages"}],"about":[{"href":"https:\/\/www.fondazionedonatcattin.it\/index.php?rest_route=\/wp\/v2\/types\/page"}],"author":[{"embeddable":true,"href":"https:\/\/www.fondazionedonatcattin.it\/index.php?rest_route=\/wp\/v2\/users\/1"}],"replies":[{"embeddable":true,"href":"https:\/\/www.fondazionedonatcattin.it\/index.php?rest_route=%2Fwp%2Fv2%2Fcomments&post=1169"}],"version-history":[{"count":0,"href":"https:\/\/www.fondazionedonatcattin.it\/index.php?rest_route=\/wp\/v2\/pages\/1169\/revisions"}],"up":[{"embeddable":true,"href":"https:\/\/www.fondazionedonatcattin.it\/index.php?rest_route=\/wp\/v2\/pages\/490"}],"wp:attachment":[{"href":"https:\/\/www.fondazionedonatcattin.it\/index.php?rest_route=%2Fwp%2Fv2%2Fmedia&parent=1169"}],"curies":[{"name":"wp","href":"https:\/\/api.w.org\/{rel}","templated":true}]}}